{"id":20141,"date":"2020-02-11T13:20:13","date_gmt":"2020-02-11T13:20:13","guid":{"rendered":"https:\/\/www.mlekarna-krepko.si\/politika-varovanja-osebnih-podatkov\/"},"modified":"2021-01-31T20:46:29","modified_gmt":"2021-01-31T20:46:29","slug":"schutz-von-personenbezogenen-daten","status":"publish","type":"page","link":"https:\/\/mlekarna-krepko.si\/de\/schutz-von-personenbezogenen-daten\/","title":{"rendered":"Schutz von personenbezogenen Daten"},"content":{"rendered":"<h1><strong>Schutz von personenbezogenen Daten<\/strong><\/h1>\n<p>Wir bedanken uns f\u00fcr Ihren Besuch auf unserer Webseite. Der Schutz Ihrer personenbezogenen Daten ist f\u00fcr uns sehr wichtig, deshalb gew\u00e4hrleisten wir Ihnen neben den hochwertigen Inhalten auch Ihr Recht, selbst \u00fcber die Nutzung von Ihren Daten zu entscheiden. Diese Datenschutzbestimmungen regeln die Erfassung, Aufbewahrung und Bearbeitung von personenbezogenen Daten, die von dem Betreiber \u00fcber die Benutzer gesammelt werden.<\/p>\n<h1><strong>Inhaltsverzeichnis<\/strong><\/h1>\n<ul>\n<li>Die f\u00fcr die Verarbeitung von personenbezogenen Daten verantwortliche Person<\/li>\n<li>Kategorien der personenbezogenen Daten<\/li>\n<li>Zweck der Verarbeitung personenbezogener Daten<\/li>\n<li>Aufbewahrungsfrist<\/li>\n<li>Schutz von personenbezogenen Daten<\/li>\n<li>Benutzerrechte<\/li>\n<li>Vertr\u00e4gliche Bearbeiter und Aufbewahrungsbereich<\/li>\n<li>Verwendung von Cookies<\/li>\n<li>Anweisungen f\u00fcr Einstellung der Cookies in einzelnen Browsern<\/li>\n<li>Rechtliche Information<\/li>\n<\/ul>\n<h1><strong>Die f\u00fcr die Verarbeitung von personenbezogenen Daten verantwortliche Person<\/strong><\/h1>\n<p>MLEKARNA KREPKO Kele &amp; Kele d.o.o., Laze 22a SI-1370 Logatec.<\/p>\n<p>Erreichbarkeit der f\u00fcr den Schutz von personenbezogenen Daten befugten Person:\u00a0<a href=\"mailto:info@mlekarna-krepko.si\">info@mlekarna-krepko.si<\/a><\/p>\n<p>Als Empf\u00e4nger bzw. Benutzer erlaube ich dem Betreiber die \u00fcbermittelten personenbezogenen Daten gem\u00e4\u00df geltenden Gesetzen \u00fcber den Schutz von personenbezogenen Daten zu sammeln, zu verarbeiten und aufzubewahren.<\/p>\n<p><strong>Kategorien der personenbezogenen Daten<\/strong><\/p>\n<p>Die erworbenen Daten, die vom Betreiber der Sammlung von personenbezogenen Daten aufbewahrt werden:<\/p>\n<ul>\n<li>E-Mail;<\/li>\n<li>Vorname und Name sowie Titel bzw. Geschlecht f\u00fcr die Bed\u00fcrfnisse einer personalisierten Sendung von E-Mails;<\/li>\n<li>Firmenname;<\/li>\n<li>Anschrift;<\/li>\n<li>Telefon;<\/li>\n<li>Handy;<\/li>\n<li>welche Nachrichten vom Benutzer ge\u00f6ffnet wurden und auf welche Links er in den Nachrichten geklickt hat;<\/li>\n<li>welche Seiten er auf der Plattform besucht hat;<\/li>\n<li>erfolgte Anfragen, Eink\u00e4ufe, Rechnungen, Anfragen f\u00fcr Hilfe;<\/li>\n<li>IP-Adressen des Benutzers und Cookie-IDs.<\/li>\n<\/ul>\n<h1><strong>Zweck der Verarbeitung personenbezogener Daten<\/strong><\/h1>\n<p>Der Verwalter Kele &amp; Kele d.o.o. , Laze 22a SI-1370 Logatec wird die von den Benutzern erworbenen Daten f\u00fcr folgende Zwecke verwenden:<\/p>\n<ul>\n<li>f\u00fcr die Kommunikation mit dem Auftraggeber bzw. bei (vor)vertraglichen Verh\u00e4ltnissen;<\/li>\n<li>f\u00fcr Gewinnspiele;<\/li>\n<li>f\u00fcr Statistik- und Marktanalysen; Verfolgung von Klicks und \u00d6ffnen von E-Mails sowie Klicks von Webseiten f\u00fcr die Segmentierung und Anpassung von E-Mail-Inhalten;<\/li>\n<li>f\u00fcr die Benachrichtigung und Sendung von E-Nachrichten, Artikeln, Mitteilungen \u00fcber verschiedene Veranstaltungen per E-Mail;<\/li>\n<li>f\u00fcr unmittelbare Vermarktung und Versendung von Angeboten per SMS\/MMS, E-Mail und notifizierten Mitteilungen, regul\u00e4rer Post, per Webseite oder mobilen Apps sowie telefonisch;<\/li>\n<li>f\u00fcr Segmentierung, Profilierung und automatisierte Verarbeitung mit dem Zweck der Gestaltung von angepassten Mitteilungen und Angeboten, die f\u00fcr den Benutzer relevanter sind;<\/li>\n<li>f\u00fcr die Darstellung von angepassten Anzeigen auf Werbeplattformen (Google und Facebook).<\/li>\n<\/ul>\n<p>Bei E-Mails registriert der Betreiber auch das \u00d6ffnen von E-Mails und die Klicks auf die Links in den erhaltenen E-Mails. Genauso werden auch die Besuche und die Aktionen auf der Webseite des Betreibers erfasst. F\u00fcr eine bessere und genauer ausgerichtete \u00dcbermittlung von Angeboten sowie Anpassung von E-Mails bzw. der Kommunikation der festgehaltenen Daten werden die Aktivit\u00e4ten der Benutzer verarbeitet, analysiert, profiliert und bewertet sowie das Interesse der Benutzer gemessen.<\/p>\n<p>&nbsp;<\/p>\n<h1><strong>Aufbewahrungsfrist<\/strong><\/h1>\n<p>Personenbezogene Daten werden zeitlich unbeschr\u00e4nkt aufbewahrt bzw. bis zum Widerruf der Zustimmung f\u00fcr die Aufbewahrung und Verarbeitung von Daten. Bei dem Widerruf der Zustimmung werden personenbezogene Daten unverz\u00fcglich wirkungsvoll und dauerhaft gel\u00f6scht.<\/p>\n<p>Wenn der oben angef\u00fchrte Zweck f\u00fcr die Aufbewahrung und die Verarbeitung von personenbezogenen Daten in unserem Unternehmen endet, werden wir die Datenbank, deren Zweck endete, unverz\u00fcglich wirkungsvoll und dauerhaft l\u00f6schen.<\/p>\n<h1><strong>Schutz von personenbezogenen Daten<\/strong><\/h1>\n<p>Der Betreiber sch\u00fctzt die erworbenen Daten gem\u00e4\u00df den geltenden Gesetzen \u00fcber den Schutz von personenbezogenen Daten sowie gem\u00e4\u00df des Gesetzes beschlossenen internen Akten. Der Betreiber stellt entsprechenden organisatorischen und technischen Schutz sicher. Die erworbenen Daten werden von dem Betreiber keinesfalls an Dritte \u00fcbermittelt oder offengelegt. Das Unternehmen Kele &amp; Kele d.o.o trifft entsprechende technische und organisatorische Ma\u00dfnahmen f\u00fcr den Schutz von personenbezogenen Daten.<\/p>\n<h1><strong>Benutzerrechte<\/strong><\/h1>\n<p>Gem\u00e4\u00df den Bestimmungen der allgemeinen EU-Verordnung \u00fcber den Schutz von personenbezogenen Daten (Datenschutz-Grundverordnung) muss der Betreiber von personenbezogenen Daten dem Benutzer auf Verlangen:<\/p>\n<ul>\n<li>best\u00e4tigen, ob die mit ihm verbundene Daten verarbeitet werden oder nicht, und ihm die Einsicht in die personenbezogenen Daten erm\u00f6glichen, die sich auf ihn beziehen.<\/li>\n<li>den Ausdruck der personenbezogenen Daten, die sich auf ihn beziehen, \u00fcbermitteln.<\/li>\n<li>die M\u00f6glichkeit geben, seine personenbezogenen Daten zu berichtigen oder zu erg\u00e4nzen.<\/li>\n<li>die M\u00f6glichkeit geben, personenbezogene Daten teilweise oder vollst\u00e4ndig zu l\u00f6schen.<\/li>\n<li>die M\u00f6glichkeit geben, personenbezogene Daten an einen anderen Anbieter von \u00e4hnlichen Produkten zu \u00fcbertragen.<\/li>\n<li>die M\u00f6glichkeit geben, teilweise oder vollst\u00e4ndig die Zustimmung f\u00fcr die Verarbeitung von personenbezogenen Daten zur\u00fcckzuziehen.<\/li>\n<\/ul>\n<p>Der Betreiber ber\u00fccksichtigt Ihren Wunsch auf L\u00f6schung und bearbeitet Ihren Antrag zum Widerruf der Zustimmung f\u00fcr die Verarbeitung von personenbezogenen Daten sp\u00e4testens innerhalb 15 Tagen.<\/p>\n<p>Jeder Einzelne ist bei Verdacht, dass seine Rechte \u00fcber den Schutz von personenbezogenen Daten seitens des Betreibers verletzt wurden, berechtigt bei dem Aufsichtsorgan ein Beschwerde einzureichen (in der Republik Slowenien beim Informationsbeauftragten).<\/p>\n<p>Jeder Benutzer verf\u00fcgt \u00fcber die M\u00f6glichkeit sich mit einem einzigen Klick in dem Fu\u00df der erhaltenen E-Mail oder mit einer an <a href=\"mailto:info@eprvak.si\">info@mlekarna-krepko.si<\/a>\u00a0geschickten Abmelde-E-Mail oder durch Beantwortung der erhaltenen E-Mail von den Nachrichten abzumelden.<\/p>\n<h1><strong>Vertragliche Bearbeiter und Aufbewahrungsbereich<\/strong><\/h1>\n<p>Der Betreiber \u00fcbermittelt die erfassten Daten auch an seine Vertragspartner, die die Daten ausschlie\u00dflich im Rahmen der Anweisungen und der Vollmacht des Betreibers bearbeiten d\u00fcrfen,\u00a0 und die gem\u00e4\u00df dem mit dem Betreiber geschlossenen Vertrag schriftlich zur Sicherstellung eines entsprechenden Niveaus zum Schutz von personenbezogenen Daten verpflichtet sind, und zwar f\u00fcr CRM, E-Mail, Marketingsystem und System f\u00fcr Marketingautomatisierung. Sammlungen von personenbezogenen Daten werden vom Anbieter innerhalb der EU aufbewahrt und nicht in Drittl\u00e4nder \u00fcbermittelt.<\/p>\n<p>Der Betreiber ist berechtigt, personenbezogene Daten an die digitalen Werbeplattformen (Google, Facebook, LinkedIn u.\u00e4.) zu \u00fcbermitteln und deren Cookies zu benutzen, die dem Betreiber erm\u00f6glichen, Segmente genauer zu gestalten, Targetanzeigen darzustellen und wieder zu werben. Dadurch werden dem Benutzer auf diesen Plattformen von dem Betreiber Anzeigen zur Verf\u00fcgung gestellt, die relevanter sind. Dabei kann es sich um die Verbringung von Daten an einen vertraglichen Bearbeiter au\u00dferhalb der EU handeln.<\/p>\n<p>&nbsp;<\/p>\n<h1><strong>Der Beauftragte f\u00fcr den Schutz personenbezogener Daten<\/strong><\/h1>\n<p>Doz. Dr. Miha Dvojmo\u010d, Mag. der \u00f6ffentlichen Verwaltung, Dipl.-Sicherheitsingenieur<br \/>\nTbilisijska 96, 1000 Ljubljana<br \/>\nT: 031 692 524<br \/>\nE:\u00a0<a href=\"mailto:miha.dvojmoc@infocenter.si\">miha.dvojmoc@infocenter.si<\/a><\/p>\n<p>&nbsp;<\/p>\n<h1><strong>Verwendung von Cookies<\/strong><\/h1>\n<p>Als Benutzer der Webseite\u00a0<a href=\"http:\/\/www.eprvak.si\/\">www.mlekarna-krepko.si<\/a>\u00a0sind Sie damit einverstanden, dass auf Ihrem Computer Cookies gespeichert werden, um den Betrieb aller Funktionen der Webseite, Webanalytik und fortschrittliche Werbung gew\u00e4hrleisten zu k\u00f6nnen. Folgende Cookies werden gespeichert:<\/p>\n<ul>\n<li>Google Analytics Cookies werden f\u00fcr analytische Zwecke verwendet;<\/li>\n<li>Cookies Marketing Automation Tools werden zur Verfolgung der Benutzert\u00e4tigkeiten auf der Webseite verwendet.<\/li>\n<li>Cookies, die f\u00fcr den Betrieb der Webseite WordPress notwendig sind.<\/li>\n<\/ul>\n<p>Mit Cookies k\u00f6nnen bestimmte Inhalte oder Funktionen von Apps einem bestimmten Besucher in Hinsicht auf seine Auswahl oder Pr\u00e4ferenzen bzw. Charakteristiken seiner Computerausr\u00fcstung angepasst werden. Analytische Cookies dienen der st\u00e4ndigen Verbesserung der Webseite.<\/p>\n<p>&nbsp;<\/p>\n<h1><strong>Anweisungen f\u00fcr die Einstellung der Cookies in einzelnen Browsern<\/strong><\/h1>\n<table>\n<tbody>\n<tr>\n<td>\u2013\u00a0<a href=\"https:\/\/support.google.com\/chrome\/answer\/95647?hl=sl\">Google Chrome<\/a><\/td>\n<\/tr>\n<tr>\n<td>\u2013\u00a0<a href=\"http:\/\/windows.microsoft.com\/sl-si\/internet-explorer\/delete-manage-cookies#ie=ie-10\">Internet Explorer<\/a><\/td>\n<\/tr>\n<tr>\n<td>\u2013\u00a0<a href=\"http:\/\/support.apple.com\/kb\/index?page=search&amp;fac=all&amp;q=cookies%20safari\">Safari<\/a><\/td>\n<\/tr>\n<tr>\n<td>\u2013\u00a0<a href=\"http:\/\/support.mozilla.org\/en-US\/kb\/enable-and-disable-cookies-website-preferences\">Firefox<\/a><\/td>\n<\/tr>\n<tr>\n<td>\u2013\u00a0<a href=\"http:\/\/www.opera.com\/help\/tutorials\/security\/privacy\/\">Opera<\/a><\/td>\n<\/tr>\n<\/tbody>\n<\/table>\n<h1><strong>Rechtliche Information<\/strong><\/h1>\n<p>Kele &amp; Kele d.o.o., Laze 22a SI-1370 Logatec beh\u00e4lt sich alle Rechte f\u00fcr den Inhalt auf der Webseite www.mlekarna-krepko.si vor. Ohne Genehmigung des Unternehmens Kele &amp; Kele d.o.o.\u00a0 d\u00fcrfen sie auf keine Art und Weise kopiert, vervielf\u00e4ltigt oder vertrieben werden. Kele &amp; Kele d.o.o. ist nicht f\u00fcr eventuelle Schwierigkeiten mit der Funktion der Webseite verantwortlich. Kele &amp; Kele d.o.o beh\u00e4lt sich eventuelle inhaltliche Fehler und \u00c4nderungen vor, die auf www.mlekarna-krepko.si ver\u00f6ffentlicht werden.<\/p>\n","protected":false},"excerpt":{"rendered":"<p>Schutz von personenbezogenen Daten Wir bedanken uns f\u00fcr Ihren Besuch auf unserer Webseite. Der Schutz Ihrer personenbezogenen Daten ist f\u00fcr uns sehr wichtig, deshalb gew\u00e4hrleisten wir Ihnen neben den hochwertigen Inhalten auch Ihr Recht, selbst \u00fcber die Nutzung von Ihren Daten zu entscheiden. Diese Datenschutzbestimmungen regeln die Erfassung, Aufbewahrung und Bearbeitung von personenbezogenen Daten, die von dem Betreiber \u00fcber die [&hellip;]<\/p>\n","protected":false},"author":10,"featured_media":0,"parent":0,"menu_order":0,"comment_status":"closed","ping_status":"closed","template":"","meta":{"_acf_changed":false,"footnotes":""},"class_list":["post-20141","page","type-page","status-publish","hentry"],"acf":[],"yoast_head":"<!-- This site is optimized with the Yoast SEO plugin v27.4 - https:\/\/yoast.com\/product\/yoast-seo-wordpress\/ -->\n<title>Schutz von personenbezogenen Daten - Mlekarna Krepko<\/title>\n<meta name=\"robots\" content=\"index, follow, max-snippet:-1, max-image-preview:large, max-video-preview:-1\" \/>\n<link rel=\"canonical\" href=\"https:\/\/mlekarna-krepko.si\/de\/schutz-von-personenbezogenen-daten\/\" \/>\n<meta property=\"og:locale\" content=\"de_DE\" \/>\n<meta property=\"og:type\" content=\"article\" \/>\n<meta property=\"og:title\" content=\"Schutz von personenbezogenen Daten - Mlekarna Krepko\" \/>\n<meta property=\"og:description\" content=\"Schutz von personenbezogenen Daten Wir bedanken uns f\u00fcr Ihren Besuch auf unserer Webseite. Der Schutz Ihrer personenbezogenen Daten ist f\u00fcr uns sehr wichtig, deshalb gew\u00e4hrleisten wir Ihnen neben den hochwertigen Inhalten auch Ihr Recht, selbst \u00fcber die Nutzung von Ihren Daten zu entscheiden. Diese Datenschutzbestimmungen regeln die Erfassung, Aufbewahrung und Bearbeitung von personenbezogenen Daten, die von dem Betreiber \u00fcber die [&hellip;]\" \/>\n<meta property=\"og:url\" content=\"https:\/\/mlekarna-krepko.si\/de\/schutz-von-personenbezogenen-daten\/\" \/>\n<meta property=\"og:site_name\" content=\"Mlekarna Krepko\" \/>\n<meta property=\"article:publisher\" content=\"https:\/\/www.facebook.com\/mlekarna.krepko\/\" \/>\n<meta property=\"article:modified_time\" content=\"2021-01-31T20:46:29+00:00\" \/>\n<meta name=\"twitter:card\" content=\"summary_large_image\" \/>\n<meta name=\"twitter:label1\" content=\"Gesch\u00e4tzte Lesezeit\" \/>\n\t<meta name=\"twitter:data1\" content=\"6 Minuten\" \/>\n<script type=\"application\/ld+json\" class=\"yoast-schema-graph\">{\"@context\":\"https:\\\/\\\/schema.org\",\"@graph\":[{\"@type\":\"WebPage\",\"@id\":\"https:\\\/\\\/mlekarna-krepko.si\\\/de\\\/schutz-von-personenbezogenen-daten\\\/\",\"url\":\"https:\\\/\\\/mlekarna-krepko.si\\\/de\\\/schutz-von-personenbezogenen-daten\\\/\",\"name\":\"Schutz von personenbezogenen Daten - Mlekarna Krepko\",\"isPartOf\":{\"@id\":\"https:\\\/\\\/www.mlekarna-krepko.si\\\/sl\\\/#website\"},\"datePublished\":\"2020-02-11T13:20:13+00:00\",\"dateModified\":\"2021-01-31T20:46:29+00:00\",\"breadcrumb\":{\"@id\":\"https:\\\/\\\/mlekarna-krepko.si\\\/de\\\/schutz-von-personenbezogenen-daten\\\/#breadcrumb\"},\"inLanguage\":\"de-DE\",\"potentialAction\":[{\"@type\":\"ReadAction\",\"target\":[\"https:\\\/\\\/mlekarna-krepko.si\\\/de\\\/schutz-von-personenbezogenen-daten\\\/\"]}]},{\"@type\":\"BreadcrumbList\",\"@id\":\"https:\\\/\\\/mlekarna-krepko.si\\\/de\\\/schutz-von-personenbezogenen-daten\\\/#breadcrumb\",\"itemListElement\":[{\"@type\":\"ListItem\",\"position\":1,\"name\":\"Home\",\"item\":\"https:\\\/\\\/www.mlekarna-krepko.si\\\/de\\\/\"},{\"@type\":\"ListItem\",\"position\":2,\"name\":\"Schutz von personenbezogenen Daten\"}]},{\"@type\":\"WebSite\",\"@id\":\"https:\\\/\\\/www.mlekarna-krepko.si\\\/sl\\\/#website\",\"url\":\"https:\\\/\\\/www.mlekarna-krepko.si\\\/sl\\\/\",\"name\":\"Mlekarna Krepko\",\"description\":\"\",\"publisher\":{\"@id\":\"https:\\\/\\\/www.mlekarna-krepko.si\\\/sl\\\/#organization\"},\"potentialAction\":[{\"@type\":\"SearchAction\",\"target\":{\"@type\":\"EntryPoint\",\"urlTemplate\":\"https:\\\/\\\/www.mlekarna-krepko.si\\\/sl\\\/?s={search_term_string}\"},\"query-input\":{\"@type\":\"PropertyValueSpecification\",\"valueRequired\":true,\"valueName\":\"search_term_string\"}}],\"inLanguage\":\"de-DE\"},{\"@type\":\"Organization\",\"@id\":\"https:\\\/\\\/www.mlekarna-krepko.si\\\/sl\\\/#organization\",\"name\":\"Mlekarna Krepko\",\"url\":\"https:\\\/\\\/www.mlekarna-krepko.si\\\/sl\\\/\",\"logo\":{\"@type\":\"ImageObject\",\"inLanguage\":\"de-DE\",\"@id\":\"https:\\\/\\\/www.mlekarna-krepko.si\\\/sl\\\/#\\\/schema\\\/logo\\\/image\\\/\",\"url\":\"https:\\\/\\\/www.mlekarna-krepko.si\\\/wp-content\\\/uploads\\\/2020\\\/04\\\/LogoWeb_transparenten.png\",\"contentUrl\":\"https:\\\/\\\/www.mlekarna-krepko.si\\\/wp-content\\\/uploads\\\/2020\\\/04\\\/LogoWeb_transparenten.png\",\"width\":300,\"height\":300,\"caption\":\"Mlekarna Krepko\"},\"image\":{\"@id\":\"https:\\\/\\\/www.mlekarna-krepko.si\\\/sl\\\/#\\\/schema\\\/logo\\\/image\\\/\"},\"sameAs\":[\"https:\\\/\\\/www.facebook.com\\\/mlekarna.krepko\\\/\",\"https:\\\/\\\/www.instagram.com\\\/mlekarnakrepko\\\/\",\"https:\\\/\\\/www.linkedin.com\\\/company\\\/mlekarna-krepko\",\"https:\\\/\\\/www.youtube.com\\\/channel\\\/UCAzec5mnRHgcj2Th3fGRtKw?view_as=subscriber\"]}]}<\/script>\n<!-- \/ Yoast SEO plugin. -->","yoast_head_json":{"title":"Schutz von personenbezogenen Daten - Mlekarna Krepko","robots":{"index":"index","follow":"follow","max-snippet":"max-snippet:-1","max-image-preview":"max-image-preview:large","max-video-preview":"max-video-preview:-1"},"canonical":"https:\/\/mlekarna-krepko.si\/de\/schutz-von-personenbezogenen-daten\/","og_locale":"de_DE","og_type":"article","og_title":"Schutz von personenbezogenen Daten - Mlekarna Krepko","og_description":"Schutz von personenbezogenen Daten Wir bedanken uns f\u00fcr Ihren Besuch auf unserer Webseite. Der Schutz Ihrer personenbezogenen Daten ist f\u00fcr uns sehr wichtig, deshalb gew\u00e4hrleisten wir Ihnen neben den hochwertigen Inhalten auch Ihr Recht, selbst \u00fcber die Nutzung von Ihren Daten zu entscheiden. Diese Datenschutzbestimmungen regeln die Erfassung, Aufbewahrung und Bearbeitung von personenbezogenen Daten, die von dem Betreiber \u00fcber die [&hellip;]","og_url":"https:\/\/mlekarna-krepko.si\/de\/schutz-von-personenbezogenen-daten\/","og_site_name":"Mlekarna Krepko","article_publisher":"https:\/\/www.facebook.com\/mlekarna.krepko\/","article_modified_time":"2021-01-31T20:46:29+00:00","twitter_card":"summary_large_image","twitter_misc":{"Gesch\u00e4tzte Lesezeit":"6 Minuten"},"schema":{"@context":"https:\/\/schema.org","@graph":[{"@type":"WebPage","@id":"https:\/\/mlekarna-krepko.si\/de\/schutz-von-personenbezogenen-daten\/","url":"https:\/\/mlekarna-krepko.si\/de\/schutz-von-personenbezogenen-daten\/","name":"Schutz von personenbezogenen Daten - Mlekarna Krepko","isPartOf":{"@id":"https:\/\/www.mlekarna-krepko.si\/sl\/#website"},"datePublished":"2020-02-11T13:20:13+00:00","dateModified":"2021-01-31T20:46:29+00:00","breadcrumb":{"@id":"https:\/\/mlekarna-krepko.si\/de\/schutz-von-personenbezogenen-daten\/#breadcrumb"},"inLanguage":"de-DE","potentialAction":[{"@type":"ReadAction","target":["https:\/\/mlekarna-krepko.si\/de\/schutz-von-personenbezogenen-daten\/"]}]},{"@type":"BreadcrumbList","@id":"https:\/\/mlekarna-krepko.si\/de\/schutz-von-personenbezogenen-daten\/#breadcrumb","itemListElement":[{"@type":"ListItem","position":1,"name":"Home","item":"https:\/\/www.mlekarna-krepko.si\/de\/"},{"@type":"ListItem","position":2,"name":"Schutz von personenbezogenen Daten"}]},{"@type":"WebSite","@id":"https:\/\/www.mlekarna-krepko.si\/sl\/#website","url":"https:\/\/www.mlekarna-krepko.si\/sl\/","name":"Mlekarna Krepko","description":"","publisher":{"@id":"https:\/\/www.mlekarna-krepko.si\/sl\/#organization"},"potentialAction":[{"@type":"SearchAction","target":{"@type":"EntryPoint","urlTemplate":"https:\/\/www.mlekarna-krepko.si\/sl\/?s={search_term_string}"},"query-input":{"@type":"PropertyValueSpecification","valueRequired":true,"valueName":"search_term_string"}}],"inLanguage":"de-DE"},{"@type":"Organization","@id":"https:\/\/www.mlekarna-krepko.si\/sl\/#organization","name":"Mlekarna Krepko","url":"https:\/\/www.mlekarna-krepko.si\/sl\/","logo":{"@type":"ImageObject","inLanguage":"de-DE","@id":"https:\/\/www.mlekarna-krepko.si\/sl\/#\/schema\/logo\/image\/","url":"https:\/\/www.mlekarna-krepko.si\/wp-content\/uploads\/2020\/04\/LogoWeb_transparenten.png","contentUrl":"https:\/\/www.mlekarna-krepko.si\/wp-content\/uploads\/2020\/04\/LogoWeb_transparenten.png","width":300,"height":300,"caption":"Mlekarna Krepko"},"image":{"@id":"https:\/\/www.mlekarna-krepko.si\/sl\/#\/schema\/logo\/image\/"},"sameAs":["https:\/\/www.facebook.com\/mlekarna.krepko\/","https:\/\/www.instagram.com\/mlekarnakrepko\/","https:\/\/www.linkedin.com\/company\/mlekarna-krepko","https:\/\/www.youtube.com\/channel\/UCAzec5mnRHgcj2Th3fGRtKw?view_as=subscriber"]}]}},"_links":{"self":[{"href":"https:\/\/mlekarna-krepko.si\/de\/wp-json\/wp\/v2\/pages\/20141","targetHints":{"allow":["GET"]}}],"collection":[{"href":"https:\/\/mlekarna-krepko.si\/de\/wp-json\/wp\/v2\/pages"}],"about":[{"href":"https:\/\/mlekarna-krepko.si\/de\/wp-json\/wp\/v2\/types\/page"}],"author":[{"embeddable":true,"href":"https:\/\/mlekarna-krepko.si\/de\/wp-json\/wp\/v2\/users\/10"}],"replies":[{"embeddable":true,"href":"https:\/\/mlekarna-krepko.si\/de\/wp-json\/wp\/v2\/comments?post=20141"}],"version-history":[{"count":3,"href":"https:\/\/mlekarna-krepko.si\/de\/wp-json\/wp\/v2\/pages\/20141\/revisions"}],"predecessor-version":[{"id":20144,"href":"https:\/\/mlekarna-krepko.si\/de\/wp-json\/wp\/v2\/pages\/20141\/revisions\/20144"}],"wp:attachment":[{"href":"https:\/\/mlekarna-krepko.si\/de\/wp-json\/wp\/v2\/media?parent=20141"}],"curies":[{"name":"wp","href":"https:\/\/api.w.org\/{rel}","templated":true}]}}