{"id":23854,"date":"2023-02-28T09:20:35","date_gmt":"2023-02-28T09:20:35","guid":{"rendered":"https:\/\/www.mlekarna-krepko.si\/izdelek\/kefir-krepki-suhec-s-proteini-brez-laktoze-vanilija-09-m-m-500g\/"},"modified":"2023-05-04T10:09:22","modified_gmt":"2023-05-04T10:09:22","slug":"kefir-krepko-magro-con-proteine-senza-lattosio-vaniglia","status":"publish","type":"product","link":"https:\/\/mlekarna-krepko.si\/it\/prodotto\/kefir-krepko-magro-con-proteine-senza-lattosio-vaniglia\/","title":{"rendered":"Kefir Krepko magro con proteine, senza lattosio\/vaniglia, 0,9% grassi, 500g"},"content":{"rendered":"<p style=\"text-align: justify; line-height: 20.4pt; margin: 0cm 0cm 18.0pt 0cm;\"><span style=\"font-family: Roboto; color: #24378b;\">Il <b>kefir Krepko magro con proteine, senza lattosio e al gusto di vaniglia<\/b>, \u00e8 prodotto con latte sloveno pastorizzato, standardizzato e non omogeneizzato. La base del prodotto \u00e8 il kefir Krepko magro senza lattosio, con lo 0,9% di grassi caseari, prodotto al 100% con l&#8217;aiuto di veri grani di kefir. \u00c8 una bevanda tradizionale dei centenari del Caucaso, che ha dimostrato di prolungare la vita. Contiene pi\u00f9 di 30 microrganismi probiotici che aiutano a mantenere un microbiota sano. Per una migliore funzionalit\u00e0 vengono aggiunte le <b>proteine \u200b\u200bdel latte<\/b>. La bevanda a base di latte fermentato ha un gradevole odore aromatico e un sapore di <b>vaniglia<\/b>, ma conserva la nitidezza caratteristica del kefir tradizionale.<\/span><\/p>\n<p style=\"text-align: justify; line-height: 20.4pt; margin: 0cm 0cm 18.0pt 0cm;\"><b><span style=\"font-family: Roboto; color: #24378b;\">Consumando il contenuto di un flacone da 500 g (kefir senza lattosio al gusto di vaniglia e con l&#8217;aggiunta di proteine \u200b\u200bdel latte) si introducono nell&#8217;organismo ben <u>31 g di proteine<\/u>.<\/span><\/b><\/p>\n<h3 style=\"line-height: 18.0pt; margin: 11.25pt 0cm 11.25pt 0cm;\"><span style=\"font-size: 15.0pt; font-family: Roboto; color: #24378b; letter-spacing: .75pt;\">Le proteine<\/span><\/h3>\n<p style=\"text-align: justify; line-height: 20.4pt; margin: 0cm 0cm 18.0pt 0cm;\"><span style=\"font-family: Roboto; color: #24378b;\">Le proteine \u200b\u200bsono macronutrienti di cui il nostro corpo ha assolutamente bisogno per il normale funzionamento. Sono necessarie per la crescita e lo sviluppo, costruiscono le strutture cellulari, partecipano alla risposta immunitaria e alla funzione muscolare. \u200b\u200bPer il normale funzionamento del corpo \u00e8 necessario un adeguato apporto di proteine. Gli alimenti di origine animale, comprese le proteine \u200b\u200bdel latte, sono una fonte di proteine \u200b\u200bdi alta qualit\u00e0.<\/span><\/p>\n<h3 style=\"line-height: 18.0pt; margin: 11.25pt 0cm 11.25pt 0cm;\"><span style=\"font-size: 15.0pt; font-family: Roboto; color: #24378b; letter-spacing: .75pt;\">Le proteine del latte<\/span><\/h3>\n<p style=\"text-align: justify; line-height: 20.4pt; margin: 0cm 0cm 18.0pt 0cm;\"><span style=\"font-family: Roboto; color: #24378b;\">Ossia le caseine, quando vengono consumate forniscono al corpo un livello costante e duraturo di aminoacidi. Pertanto agiscono principalmente in modo <i>anti-catabolico<\/i> (uno stato catabolico pu\u00f2 verificarsi, ad esempio, con un&#8217;alimentazione scorretta dopo un intenso esercizio fisico, il che porta alla rottura del tessuto muscolare) e aiutano a mantenere la massa muscolare. Si consiglia di consumarle al mattino, e preferibilmente la sera prima di coricarsi, perch\u00e9 con il loro lento rilascio forniscono all&#8217;organismo sufficienti nutrienti e quindi crescita e rigenerazione muscolare.<\/span><\/p>\n<p style=\"line-height: 20.4pt; margin: 0cm 0cm 18.0pt 0cm;\"><i><span style=\"font-family: Roboto; color: #24378b;\">La salute dell&#8217;intestino \u00e8 vitale e pu\u00f2 influenzare sia il corpo che la mente.<\/span><\/i><\/p>\n<table width=\"532\">\n<tbody>\n<tr>\n<td colspan=\"3\" width=\"532\">VALORE NUTRIZIONALE MEDIO<\/td>\n<\/tr>\n<tr>\n<td width=\"238\"><\/td>\n<td width=\"133\">Su 100 g<\/td>\n<td width=\"161\">Porzione di 500 g*<\/td>\n<\/tr>\n<tr>\n<td width=\"238\">Valore energetico<\/td>\n<td width=\"133\">266 kJ \/ 68 kcal<\/td>\n<td width=\"161\">1442 kJ \/ 341 kcal<\/td>\n<\/tr>\n<tr>\n<td width=\"238\">Grassi<\/td>\n<td width=\"133\">0,9 g<\/td>\n<td width=\"161\">4,5 g<\/td>\n<\/tr>\n<tr>\n<td width=\"238\">di cui grassi saturi<\/td>\n<td width=\"133\">0,6 g<\/td>\n<td width=\"161\">3,0 g<\/td>\n<\/tr>\n<tr>\n<td width=\"238\">Carboidrati<\/td>\n<td width=\"133\">8,8 g<\/td>\n<td width=\"161\">44,0 g<\/td>\n<\/tr>\n<tr>\n<td width=\"238\">di cui zuccheri<\/td>\n<td width=\"133\">8,6 g<\/td>\n<td width=\"161\">43,0 g<\/td>\n<\/tr>\n<tr>\n<td width=\"238\">Proteine<\/td>\n<td width=\"133\">6,2 g<\/td>\n<td width=\"161\">31,0 g<\/td>\n<\/tr>\n<tr>\n<td width=\"238\">Sale**<\/td>\n<td width=\"133\">0,10 g<\/td>\n<td width=\"161\">0,50 g<\/td>\n<\/tr>\n<\/tbody>\n<\/table>\n<p style=\"margin: 0cm; line-height: 20.4pt;\"><span style=\"font-family: Roboto; color: #24378b;\">*Allergeni:\u00a0<strong><i><span style=\"font-family: Roboto;\">latte<\/span><\/i><\/strong><\/span><\/p>\n","protected":false},"excerpt":{"rendered":"<p>Il kefir Krepko magro con proteine, senza lattosio e al gusto di vaniglia, \u00e8 prodotto con latte sloveno pastorizzato, standardizzato e non omogeneizzato. La base del prodotto \u00e8 il kefir Krepko magro senza lattosio, con lo 0,9% di grassi caseari, prodotto al 100% con l&#8217;aiuto di veri grani di kefir. \u00c8 una bevanda tradizionale dei centenari del Caucaso, che ha [&hellip;]<\/p>\n","protected":false},"featured_media":25248,"template":"","meta":{"_acf_changed":false},"product_cat":[199,197],"product_tag":[249,247,212,258,246,245,244,242,248,243,259],"class_list":{"0":"post-23854","1":"product","2":"type-product","3":"status-publish","4":"has-post-thumbnail","6":"product_cat-kefirji-krepko-it","7":"product_cat-prodotti-fitness","8":"product_tag-brez-laktoze","9":"product_tag-fitness","10":"product_tag-kefir","11":"product_tag-misice","12":"product_tag-prebava","13":"product_tag-prebiotik","14":"product_tag-probiotik","15":"product_tag-proteini","16":"product_tag-sport","17":"product_tag-vanilija","18":"product_tag-zdravje","20":"first","21":"instock","22":"taxable","23":"shipping-taxable","24":"product-type-simple"},"acf":[],"yoast_head":"<!-- This site is optimized with the Yoast SEO plugin v27.4 - https:\/\/yoast.com\/product\/yoast-seo-wordpress\/ -->\n<title>Kefir Krepko magro con proteine, senza lattosio\/vaniglia, 0,9% grassi, 500g - Mlekarna Krepko<\/title>\n<meta name=\"description\" content=\"Consumando il contenuto di un flacone da 500 g (kefir senza lattosio al gusto di vaniglia e con l&#039;aggiunta di proteine \u200b\u200bdel latte) si introducono...\" \/>\n<meta name=\"robots\" content=\"index, follow, max-snippet:-1, max-image-preview:large, max-video-preview:-1\" \/>\n<link rel=\"canonical\" href=\"https:\/\/mlekarna-krepko.si\/it\/prodotto\/kefir-krepko-magro-con-proteine-senza-lattosio-vaniglia\/\" \/>\n<meta property=\"og:locale\" content=\"it_IT\" \/>\n<meta property=\"og:type\" content=\"article\" \/>\n<meta property=\"og:title\" content=\"Kefir Krepko magro con proteine, senza lattosio\/vaniglia, 0,9% grassi, 500g - Mlekarna Krepko\" \/>\n<meta property=\"og:description\" content=\"Consumando il contenuto di un flacone da 500 g (kefir senza lattosio al gusto di vaniglia e con l&#039;aggiunta di proteine \u200b\u200bdel latte) si introducono...\" \/>\n<meta property=\"og:url\" content=\"https:\/\/mlekarna-krepko.si\/it\/prodotto\/kefir-krepko-magro-con-proteine-senza-lattosio-vaniglia\/\" \/>\n<meta property=\"og:site_name\" content=\"Mlekarna Krepko\" \/>\n<meta property=\"article:publisher\" content=\"https:\/\/www.facebook.com\/mlekarna.krepko\/\" \/>\n<meta property=\"article:modified_time\" content=\"2023-05-04T10:09:22+00:00\" \/>\n<meta property=\"og:image\" content=\"https:\/\/mlekarna-krepko.si\/wp-content\/uploads\/2024\/04\/suhec-protein-s-500ml-logo-nagrada.jpg\" \/>\n\t<meta property=\"og:image:width\" content=\"640\" \/>\n\t<meta property=\"og:image:height\" content=\"802\" \/>\n\t<meta property=\"og:image:type\" content=\"image\/jpeg\" \/>\n<meta name=\"twitter:card\" content=\"summary_large_image\" \/>\n<meta name=\"twitter:label1\" content=\"Tempo di lettura stimato\" \/>\n\t<meta name=\"twitter:data1\" content=\"3 minuti\" \/>\n<script type=\"application\/ld+json\" class=\"yoast-schema-graph\">{\"@context\":\"https:\\\/\\\/schema.org\",\"@graph\":[{\"@type\":\"WebPage\",\"@id\":\"https:\\\/\\\/mlekarna-krepko.si\\\/it\\\/prodotto\\\/kefir-krepko-magro-con-proteine-senza-lattosio-vaniglia\\\/\",\"url\":\"https:\\\/\\\/mlekarna-krepko.si\\\/it\\\/prodotto\\\/kefir-krepko-magro-con-proteine-senza-lattosio-vaniglia\\\/\",\"name\":\"Kefir Krepko magro con proteine, senza lattosio\\\/vaniglia, 0,9% grassi, 500g - Mlekarna Krepko\",\"isPartOf\":{\"@id\":\"https:\\\/\\\/www.mlekarna-krepko.si\\\/sl\\\/#website\"},\"primaryImageOfPage\":{\"@id\":\"https:\\\/\\\/mlekarna-krepko.si\\\/it\\\/prodotto\\\/kefir-krepko-magro-con-proteine-senza-lattosio-vaniglia\\\/#primaryimage\"},\"image\":{\"@id\":\"https:\\\/\\\/mlekarna-krepko.si\\\/it\\\/prodotto\\\/kefir-krepko-magro-con-proteine-senza-lattosio-vaniglia\\\/#primaryimage\"},\"thumbnailUrl\":\"https:\\\/\\\/mlekarna-krepko.si\\\/wp-content\\\/uploads\\\/2024\\\/04\\\/suhec-protein-s-500ml-logo-nagrada.jpg\",\"datePublished\":\"2023-02-28T09:20:35+00:00\",\"dateModified\":\"2023-05-04T10:09:22+00:00\",\"description\":\"Consumando il contenuto di un flacone da 500 g (kefir senza lattosio al gusto di vaniglia e con l'aggiunta di proteine \u200b\u200bdel latte) si introducono...\",\"breadcrumb\":{\"@id\":\"https:\\\/\\\/mlekarna-krepko.si\\\/it\\\/prodotto\\\/kefir-krepko-magro-con-proteine-senza-lattosio-vaniglia\\\/#breadcrumb\"},\"inLanguage\":\"it-IT\",\"potentialAction\":[{\"@type\":\"ReadAction\",\"target\":[\"https:\\\/\\\/mlekarna-krepko.si\\\/it\\\/prodotto\\\/kefir-krepko-magro-con-proteine-senza-lattosio-vaniglia\\\/\"]}]},{\"@type\":\"ImageObject\",\"inLanguage\":\"it-IT\",\"@id\":\"https:\\\/\\\/mlekarna-krepko.si\\\/it\\\/prodotto\\\/kefir-krepko-magro-con-proteine-senza-lattosio-vaniglia\\\/#primaryimage\",\"url\":\"https:\\\/\\\/mlekarna-krepko.si\\\/wp-content\\\/uploads\\\/2024\\\/04\\\/suhec-protein-s-500ml-logo-nagrada.jpg\",\"contentUrl\":\"https:\\\/\\\/mlekarna-krepko.si\\\/wp-content\\\/uploads\\\/2024\\\/04\\\/suhec-protein-s-500ml-logo-nagrada.jpg\",\"width\":640,\"height\":802},{\"@type\":\"BreadcrumbList\",\"@id\":\"https:\\\/\\\/mlekarna-krepko.si\\\/it\\\/prodotto\\\/kefir-krepko-magro-con-proteine-senza-lattosio-vaniglia\\\/#breadcrumb\",\"itemListElement\":[{\"@type\":\"ListItem\",\"position\":1,\"name\":\"Home\",\"item\":\"https:\\\/\\\/www.mlekarna-krepko.si\\\/it\\\/\"},{\"@type\":\"ListItem\",\"position\":2,\"name\":\"Trgovina\",\"item\":\"https:\\\/\\\/www.mlekarna-krepko.si\\\/sl\\\/trgovina\\\/\"},{\"@type\":\"ListItem\",\"position\":3,\"name\":\"Kefir Krepko magro con proteine, senza lattosio\\\/vaniglia, 0,9% grassi, 500g\"}]},{\"@type\":\"WebSite\",\"@id\":\"https:\\\/\\\/www.mlekarna-krepko.si\\\/sl\\\/#website\",\"url\":\"https:\\\/\\\/www.mlekarna-krepko.si\\\/sl\\\/\",\"name\":\"Mlekarna Krepko\",\"description\":\"\",\"publisher\":{\"@id\":\"https:\\\/\\\/www.mlekarna-krepko.si\\\/sl\\\/#organization\"},\"potentialAction\":[{\"@type\":\"SearchAction\",\"target\":{\"@type\":\"EntryPoint\",\"urlTemplate\":\"https:\\\/\\\/www.mlekarna-krepko.si\\\/sl\\\/?s={search_term_string}\"},\"query-input\":{\"@type\":\"PropertyValueSpecification\",\"valueRequired\":true,\"valueName\":\"search_term_string\"}}],\"inLanguage\":\"it-IT\"},{\"@type\":\"Organization\",\"@id\":\"https:\\\/\\\/www.mlekarna-krepko.si\\\/sl\\\/#organization\",\"name\":\"Mlekarna Krepko\",\"url\":\"https:\\\/\\\/www.mlekarna-krepko.si\\\/sl\\\/\",\"logo\":{\"@type\":\"ImageObject\",\"inLanguage\":\"it-IT\",\"@id\":\"https:\\\/\\\/www.mlekarna-krepko.si\\\/sl\\\/#\\\/schema\\\/logo\\\/image\\\/\",\"url\":\"https:\\\/\\\/www.mlekarna-krepko.si\\\/wp-content\\\/uploads\\\/2020\\\/04\\\/LogoWeb_transparenten.png\",\"contentUrl\":\"https:\\\/\\\/www.mlekarna-krepko.si\\\/wp-content\\\/uploads\\\/2020\\\/04\\\/LogoWeb_transparenten.png\",\"width\":300,\"height\":300,\"caption\":\"Mlekarna Krepko\"},\"image\":{\"@id\":\"https:\\\/\\\/www.mlekarna-krepko.si\\\/sl\\\/#\\\/schema\\\/logo\\\/image\\\/\"},\"sameAs\":[\"https:\\\/\\\/www.facebook.com\\\/mlekarna.krepko\\\/\",\"https:\\\/\\\/www.instagram.com\\\/mlekarnakrepko\\\/\",\"https:\\\/\\\/www.linkedin.com\\\/company\\\/mlekarna-krepko\",\"https:\\\/\\\/www.youtube.com\\\/channel\\\/UCAzec5mnRHgcj2Th3fGRtKw?view_as=subscriber\"]}]}<\/script>\n<!-- \/ Yoast SEO plugin. -->","yoast_head_json":{"title":"Kefir Krepko magro con proteine, senza lattosio\/vaniglia, 0,9% grassi, 500g - Mlekarna Krepko","description":"Consumando il contenuto di un flacone da 500 g (kefir senza lattosio al gusto di vaniglia e con l'aggiunta di proteine \u200b\u200bdel latte) si introducono...","robots":{"index":"index","follow":"follow","max-snippet":"max-snippet:-1","max-image-preview":"max-image-preview:large","max-video-preview":"max-video-preview:-1"},"canonical":"https:\/\/mlekarna-krepko.si\/it\/prodotto\/kefir-krepko-magro-con-proteine-senza-lattosio-vaniglia\/","og_locale":"it_IT","og_type":"article","og_title":"Kefir Krepko magro con proteine, senza lattosio\/vaniglia, 0,9% grassi, 500g - Mlekarna Krepko","og_description":"Consumando il contenuto di un flacone da 500 g (kefir senza lattosio al gusto di vaniglia e con l'aggiunta di proteine \u200b\u200bdel latte) si introducono...","og_url":"https:\/\/mlekarna-krepko.si\/it\/prodotto\/kefir-krepko-magro-con-proteine-senza-lattosio-vaniglia\/","og_site_name":"Mlekarna Krepko","article_publisher":"https:\/\/www.facebook.com\/mlekarna.krepko\/","article_modified_time":"2023-05-04T10:09:22+00:00","og_image":[{"width":640,"height":802,"url":"https:\/\/mlekarna-krepko.si\/wp-content\/uploads\/2024\/04\/suhec-protein-s-500ml-logo-nagrada.jpg","type":"image\/jpeg"}],"twitter_card":"summary_large_image","twitter_misc":{"Tempo di lettura stimato":"3 minuti"},"schema":{"@context":"https:\/\/schema.org","@graph":[{"@type":"WebPage","@id":"https:\/\/mlekarna-krepko.si\/it\/prodotto\/kefir-krepko-magro-con-proteine-senza-lattosio-vaniglia\/","url":"https:\/\/mlekarna-krepko.si\/it\/prodotto\/kefir-krepko-magro-con-proteine-senza-lattosio-vaniglia\/","name":"Kefir Krepko magro con proteine, senza lattosio\/vaniglia, 0,9% grassi, 500g - Mlekarna Krepko","isPartOf":{"@id":"https:\/\/www.mlekarna-krepko.si\/sl\/#website"},"primaryImageOfPage":{"@id":"https:\/\/mlekarna-krepko.si\/it\/prodotto\/kefir-krepko-magro-con-proteine-senza-lattosio-vaniglia\/#primaryimage"},"image":{"@id":"https:\/\/mlekarna-krepko.si\/it\/prodotto\/kefir-krepko-magro-con-proteine-senza-lattosio-vaniglia\/#primaryimage"},"thumbnailUrl":"https:\/\/mlekarna-krepko.si\/wp-content\/uploads\/2024\/04\/suhec-protein-s-500ml-logo-nagrada.jpg","datePublished":"2023-02-28T09:20:35+00:00","dateModified":"2023-05-04T10:09:22+00:00","description":"Consumando il contenuto di un flacone da 500 g (kefir senza lattosio al gusto di vaniglia e con l'aggiunta di proteine \u200b\u200bdel latte) si introducono...","breadcrumb":{"@id":"https:\/\/mlekarna-krepko.si\/it\/prodotto\/kefir-krepko-magro-con-proteine-senza-lattosio-vaniglia\/#breadcrumb"},"inLanguage":"it-IT","potentialAction":[{"@type":"ReadAction","target":["https:\/\/mlekarna-krepko.si\/it\/prodotto\/kefir-krepko-magro-con-proteine-senza-lattosio-vaniglia\/"]}]},{"@type":"ImageObject","inLanguage":"it-IT","@id":"https:\/\/mlekarna-krepko.si\/it\/prodotto\/kefir-krepko-magro-con-proteine-senza-lattosio-vaniglia\/#primaryimage","url":"https:\/\/mlekarna-krepko.si\/wp-content\/uploads\/2024\/04\/suhec-protein-s-500ml-logo-nagrada.jpg","contentUrl":"https:\/\/mlekarna-krepko.si\/wp-content\/uploads\/2024\/04\/suhec-protein-s-500ml-logo-nagrada.jpg","width":640,"height":802},{"@type":"BreadcrumbList","@id":"https:\/\/mlekarna-krepko.si\/it\/prodotto\/kefir-krepko-magro-con-proteine-senza-lattosio-vaniglia\/#breadcrumb","itemListElement":[{"@type":"ListItem","position":1,"name":"Home","item":"https:\/\/www.mlekarna-krepko.si\/it\/"},{"@type":"ListItem","position":2,"name":"Trgovina","item":"https:\/\/www.mlekarna-krepko.si\/sl\/trgovina\/"},{"@type":"ListItem","position":3,"name":"Kefir Krepko magro con proteine, senza lattosio\/vaniglia, 0,9% grassi, 500g"}]},{"@type":"WebSite","@id":"https:\/\/www.mlekarna-krepko.si\/sl\/#website","url":"https:\/\/www.mlekarna-krepko.si\/sl\/","name":"Mlekarna Krepko","description":"","publisher":{"@id":"https:\/\/www.mlekarna-krepko.si\/sl\/#organization"},"potentialAction":[{"@type":"SearchAction","target":{"@type":"EntryPoint","urlTemplate":"https:\/\/www.mlekarna-krepko.si\/sl\/?s={search_term_string}"},"query-input":{"@type":"PropertyValueSpecification","valueRequired":true,"valueName":"search_term_string"}}],"inLanguage":"it-IT"},{"@type":"Organization","@id":"https:\/\/www.mlekarna-krepko.si\/sl\/#organization","name":"Mlekarna Krepko","url":"https:\/\/www.mlekarna-krepko.si\/sl\/","logo":{"@type":"ImageObject","inLanguage":"it-IT","@id":"https:\/\/www.mlekarna-krepko.si\/sl\/#\/schema\/logo\/image\/","url":"https:\/\/www.mlekarna-krepko.si\/wp-content\/uploads\/2020\/04\/LogoWeb_transparenten.png","contentUrl":"https:\/\/www.mlekarna-krepko.si\/wp-content\/uploads\/2020\/04\/LogoWeb_transparenten.png","width":300,"height":300,"caption":"Mlekarna Krepko"},"image":{"@id":"https:\/\/www.mlekarna-krepko.si\/sl\/#\/schema\/logo\/image\/"},"sameAs":["https:\/\/www.facebook.com\/mlekarna.krepko\/","https:\/\/www.instagram.com\/mlekarnakrepko\/","https:\/\/www.linkedin.com\/company\/mlekarna-krepko","https:\/\/www.youtube.com\/channel\/UCAzec5mnRHgcj2Th3fGRtKw?view_as=subscriber"]}]}},"_links":{"self":[{"href":"https:\/\/mlekarna-krepko.si\/it\/wp-json\/wp\/v2\/product\/23854","targetHints":{"allow":["GET"]}}],"collection":[{"href":"https:\/\/mlekarna-krepko.si\/it\/wp-json\/wp\/v2\/product"}],"about":[{"href":"https:\/\/mlekarna-krepko.si\/it\/wp-json\/wp\/v2\/types\/product"}],"wp:featuredmedia":[{"embeddable":true,"href":"https:\/\/mlekarna-krepko.si\/it\/wp-json\/wp\/v2\/media\/25248"}],"wp:attachment":[{"href":"https:\/\/mlekarna-krepko.si\/it\/wp-json\/wp\/v2\/media?parent=23854"}],"wp:term":[{"taxonomy":"product_cat","embeddable":true,"href":"https:\/\/mlekarna-krepko.si\/it\/wp-json\/wp\/v2\/product_cat?post=23854"},{"taxonomy":"product_tag","embeddable":true,"href":"https:\/\/mlekarna-krepko.si\/it\/wp-json\/wp\/v2\/product_tag?post=23854"}],"curies":[{"name":"wp","href":"https:\/\/api.w.org\/{rel}","templated":true}]}}