{"id":24479,"date":"2023-10-19T08:40:53","date_gmt":"2023-10-19T08:40:53","guid":{"rendered":"https:\/\/www.mlekarna-krepko.si\/izdelek\/kefir-krepki-suhec-veganski-kokos-ananas-500g\/"},"modified":"2023-11-15T12:28:07","modified_gmt":"2023-11-15T12:28:07","slug":"kefir-krepki-suhec-vegano-secco-cocco-ananas-500g","status":"publish","type":"product","link":"https:\/\/mlekarna-krepko.si\/it\/prodotto\/kefir-krepki-suhec-vegano-secco-cocco-ananas-500g\/","title":{"rendered":"Kefir Krepki vegano secco al cocco e ananas 500 g"},"content":{"rendered":"<p><strong>Il Kefir Krepki vegano secco aromatizzato al cocco e ananas\u00a0<\/strong>\u00e8 prodotto con farina d\u2019avena pastorizzata ed \u00e8 privo di lattosio. \u00c8 una bevanda vegetale fermentata prodotta con grani di kefir vegani ed \u00e8 quindi adatta sia ai vegani che ai vegetariani. Ha un gradevole profumo aromatico e un sapore di\u00a0<strong>cocco e ananas<\/strong>, ma conserva la freschezza vellutata che caratterizza il kefir tradizionale. I grani di kefir vegano sono composti da una miscela simbiotica di batteri dell\u2019acido lattico, lieviti, funghi, batteri dell\u2019acido acetico e polisaccaridi che hanno scambiato il loro habitat con una base vegetale.<\/p>\n<p>La bevanda probiotica contiene quindi pi\u00f9 di 30 diversi microrganismi probiotici. Come il normale kefir prodotto dal latte, \u00e8 antibatterico, antinfiammatorio e antiossidante, abbassa il colesterolo, controlla il glucosio plasmatico, regola la pressione sanguigna, combatte le cellule cancerogene e favorisce persino la guarigione.<\/p>\n<p>L\u2019<strong>avena\u00a0<\/strong>\u00e8 un cereale integrale molto conosciuto, ricco di minerali e vitamine (B1, B2, D ed E) e considerato un prebiotico che nutre la nostra microflora. Previene la stitichezza e ci protegge dal cancro al colon.<\/p>\n<p><em>La salute dell\u2019intestino \u00e8 fondamentale e pu\u00f2 influenzare sia il corpo che il cervello.<\/em><\/p>\n<p>&nbsp;<\/p>\n<table width=\"321\">\n<tbody>\n<tr>\n<td colspan=\"2\" width=\"321\">VALORE NUTRIZIONALE MEDIO PER 100 g<\/td>\n<\/tr>\n<tr>\n<td width=\"206\">Valore energetico<\/td>\n<td width=\"115\">272 kJ\/ 64 kcal<\/td>\n<\/tr>\n<tr>\n<td width=\"206\">Grassi<\/td>\n<td width=\"115\">1,4 g<\/td>\n<\/tr>\n<tr>\n<td width=\"206\">di cui grassi saturi<\/td>\n<td width=\"115\">0,3 g<\/td>\n<\/tr>\n<tr>\n<td width=\"206\">Carboidrati<\/td>\n<td width=\"115\">12,3 g<\/td>\n<\/tr>\n<tr>\n<td width=\"206\">di cui zuccheri<\/td>\n<td width=\"115\">9,2 g<\/td>\n<\/tr>\n<tr>\n<td width=\"206\">Proteine<\/td>\n<td width=\"115\">0,6 g<\/td>\n<\/tr>\n<tr>\n<td width=\"206\">Sale**<\/td>\n<td width=\"115\">0,08 g<\/td>\n<\/tr>\n<\/tbody>\n<\/table>\n","protected":false},"excerpt":{"rendered":"<p>Il Kefir Krepki vegano secco aromatizzato al cocco e ananas\u00a0\u00e8 prodotto con farina d\u2019avena pastorizzata ed \u00e8 privo di lattosio. \u00c8 una bevanda vegetale fermentata prodotta con grani di kefir vegani ed \u00e8 quindi adatta sia ai vegani che ai vegetariani. Ha un gradevole profumo aromatico e un sapore di\u00a0cocco e ananas, ma conserva la freschezza vellutata che caratterizza il [&hellip;]<\/p>\n","protected":false},"featured_media":24746,"template":"","meta":{"_acf_changed":false},"product_cat":[199],"product_tag":[297,249,212,296,298,299,246,245,244,294,295,259],"class_list":{"0":"post-24479","1":"product","2":"type-product","3":"status-publish","4":"has-post-thumbnail","6":"product_cat-kefirji-krepko-it","7":"product_tag-ananas","8":"product_tag-brez-laktoze","9":"product_tag-kefir","10":"product_tag-kokos","11":"product_tag-oves","12":"product_tag-ovseno-mleko","13":"product_tag-prebava","14":"product_tag-prebiotik","15":"product_tag-probiotik","16":"product_tag-vegansko","17":"product_tag-vegetarijansko","18":"product_tag-zdravje","20":"first","21":"instock","22":"taxable","23":"shipping-taxable","24":"product-type-simple"},"acf":[],"yoast_head":"<!-- This site is optimized with the Yoast SEO plugin v27.4 - https:\/\/yoast.com\/product\/yoast-seo-wordpress\/ -->\n<title>Kefir Krepki vegano secco al cocco e ananas 500 g - Mlekarna Krepko<\/title>\n<meta name=\"description\" content=\"Il Kefir Krepki vegano secco aromatizzato al cocco e ananas\u00a0\u00e8 prodotto con farina d\u2019avena pastorizzata ed \u00e8 privo di lattosio. \u00c8 una bevanda vegetale...\" \/>\n<meta name=\"robots\" content=\"index, follow, max-snippet:-1, max-image-preview:large, max-video-preview:-1\" \/>\n<link rel=\"canonical\" href=\"https:\/\/www.mlekarna-krepko.si\/it\/prodotto\/kefir-krepki-suhec-vegano-secco-cocco-ananas-500g\/\" \/>\n<meta property=\"og:locale\" content=\"it_IT\" \/>\n<meta property=\"og:type\" content=\"article\" \/>\n<meta property=\"og:title\" content=\"Kefir Krepki vegano secco al cocco e ananas 500 g - Mlekarna Krepko\" \/>\n<meta property=\"og:description\" content=\"Il Kefir Krepki vegano secco aromatizzato al cocco e ananas\u00a0\u00e8 prodotto con farina d\u2019avena pastorizzata ed \u00e8 privo di lattosio. \u00c8 una bevanda vegetale...\" \/>\n<meta property=\"og:url\" content=\"https:\/\/www.mlekarna-krepko.si\/it\/prodotto\/kefir-krepki-suhec-vegano-secco-cocco-ananas-500g\/\" \/>\n<meta property=\"og:site_name\" content=\"Mlekarna Krepko\" \/>\n<meta property=\"article:publisher\" content=\"https:\/\/www.facebook.com\/mlekarna.krepko\/\" \/>\n<meta property=\"article:modified_time\" content=\"2023-11-15T12:28:07+00:00\" \/>\n<meta property=\"og:image\" content=\"https:\/\/www.mlekarna-krepko.si\/wp-content\/uploads\/2023\/10\/KEFYA_veganski_kefir_500g-web.jpg\" \/>\n\t<meta property=\"og:image:width\" content=\"640\" \/>\n\t<meta property=\"og:image:height\" content=\"802\" \/>\n\t<meta property=\"og:image:type\" content=\"image\/jpeg\" \/>\n<meta name=\"twitter:card\" content=\"summary_large_image\" \/>\n<meta name=\"twitter:label1\" content=\"Tempo di lettura stimato\" \/>\n\t<meta name=\"twitter:data1\" content=\"2 minuti\" \/>\n<script type=\"application\/ld+json\" class=\"yoast-schema-graph\">{\"@context\":\"https:\\\/\\\/schema.org\",\"@graph\":[{\"@type\":\"WebPage\",\"@id\":\"https:\\\/\\\/www.mlekarna-krepko.si\\\/it\\\/prodotto\\\/kefir-krepki-suhec-vegano-secco-cocco-ananas-500g\\\/\",\"url\":\"https:\\\/\\\/www.mlekarna-krepko.si\\\/it\\\/prodotto\\\/kefir-krepki-suhec-vegano-secco-cocco-ananas-500g\\\/\",\"name\":\"Kefir Krepki vegano secco al cocco e ananas 500 g - Mlekarna Krepko\",\"isPartOf\":{\"@id\":\"https:\\\/\\\/www.mlekarna-krepko.si\\\/sl\\\/#website\"},\"primaryImageOfPage\":{\"@id\":\"https:\\\/\\\/www.mlekarna-krepko.si\\\/it\\\/prodotto\\\/kefir-krepki-suhec-vegano-secco-cocco-ananas-500g\\\/#primaryimage\"},\"image\":{\"@id\":\"https:\\\/\\\/www.mlekarna-krepko.si\\\/it\\\/prodotto\\\/kefir-krepki-suhec-vegano-secco-cocco-ananas-500g\\\/#primaryimage\"},\"thumbnailUrl\":\"https:\\\/\\\/mlekarna-krepko.si\\\/wp-content\\\/uploads\\\/2023\\\/10\\\/KEFYA_veganski_kefir_500g-web.jpg\",\"datePublished\":\"2023-10-19T08:40:53+00:00\",\"dateModified\":\"2023-11-15T12:28:07+00:00\",\"description\":\"Il Kefir Krepki vegano secco aromatizzato al cocco e ananas\u00a0\u00e8 prodotto con farina d\u2019avena pastorizzata ed \u00e8 privo di lattosio. \u00c8 una bevanda vegetale...\",\"breadcrumb\":{\"@id\":\"https:\\\/\\\/www.mlekarna-krepko.si\\\/it\\\/prodotto\\\/kefir-krepki-suhec-vegano-secco-cocco-ananas-500g\\\/#breadcrumb\"},\"inLanguage\":\"it-IT\",\"potentialAction\":[{\"@type\":\"ReadAction\",\"target\":[\"https:\\\/\\\/www.mlekarna-krepko.si\\\/it\\\/prodotto\\\/kefir-krepki-suhec-vegano-secco-cocco-ananas-500g\\\/\"]}]},{\"@type\":\"ImageObject\",\"inLanguage\":\"it-IT\",\"@id\":\"https:\\\/\\\/www.mlekarna-krepko.si\\\/it\\\/prodotto\\\/kefir-krepki-suhec-vegano-secco-cocco-ananas-500g\\\/#primaryimage\",\"url\":\"https:\\\/\\\/mlekarna-krepko.si\\\/wp-content\\\/uploads\\\/2023\\\/10\\\/KEFYA_veganski_kefir_500g-web.jpg\",\"contentUrl\":\"https:\\\/\\\/mlekarna-krepko.si\\\/wp-content\\\/uploads\\\/2023\\\/10\\\/KEFYA_veganski_kefir_500g-web.jpg\",\"width\":640,\"height\":802},{\"@type\":\"BreadcrumbList\",\"@id\":\"https:\\\/\\\/www.mlekarna-krepko.si\\\/it\\\/prodotto\\\/kefir-krepki-suhec-vegano-secco-cocco-ananas-500g\\\/#breadcrumb\",\"itemListElement\":[{\"@type\":\"ListItem\",\"position\":1,\"name\":\"Home\",\"item\":\"https:\\\/\\\/www.mlekarna-krepko.si\\\/it\\\/\"},{\"@type\":\"ListItem\",\"position\":2,\"name\":\"Trgovina\",\"item\":\"https:\\\/\\\/www.mlekarna-krepko.si\\\/sl\\\/trgovina\\\/\"},{\"@type\":\"ListItem\",\"position\":3,\"name\":\"Kefir Krepki vegano secco al cocco e ananas 500 g\"}]},{\"@type\":\"WebSite\",\"@id\":\"https:\\\/\\\/www.mlekarna-krepko.si\\\/sl\\\/#website\",\"url\":\"https:\\\/\\\/www.mlekarna-krepko.si\\\/sl\\\/\",\"name\":\"Mlekarna Krepko\",\"description\":\"\",\"publisher\":{\"@id\":\"https:\\\/\\\/www.mlekarna-krepko.si\\\/sl\\\/#organization\"},\"potentialAction\":[{\"@type\":\"SearchAction\",\"target\":{\"@type\":\"EntryPoint\",\"urlTemplate\":\"https:\\\/\\\/www.mlekarna-krepko.si\\\/sl\\\/?s={search_term_string}\"},\"query-input\":{\"@type\":\"PropertyValueSpecification\",\"valueRequired\":true,\"valueName\":\"search_term_string\"}}],\"inLanguage\":\"it-IT\"},{\"@type\":\"Organization\",\"@id\":\"https:\\\/\\\/www.mlekarna-krepko.si\\\/sl\\\/#organization\",\"name\":\"Mlekarna Krepko\",\"url\":\"https:\\\/\\\/www.mlekarna-krepko.si\\\/sl\\\/\",\"logo\":{\"@type\":\"ImageObject\",\"inLanguage\":\"it-IT\",\"@id\":\"https:\\\/\\\/www.mlekarna-krepko.si\\\/sl\\\/#\\\/schema\\\/logo\\\/image\\\/\",\"url\":\"https:\\\/\\\/www.mlekarna-krepko.si\\\/wp-content\\\/uploads\\\/2020\\\/04\\\/LogoWeb_transparenten.png\",\"contentUrl\":\"https:\\\/\\\/www.mlekarna-krepko.si\\\/wp-content\\\/uploads\\\/2020\\\/04\\\/LogoWeb_transparenten.png\",\"width\":300,\"height\":300,\"caption\":\"Mlekarna Krepko\"},\"image\":{\"@id\":\"https:\\\/\\\/www.mlekarna-krepko.si\\\/sl\\\/#\\\/schema\\\/logo\\\/image\\\/\"},\"sameAs\":[\"https:\\\/\\\/www.facebook.com\\\/mlekarna.krepko\\\/\",\"https:\\\/\\\/www.instagram.com\\\/mlekarnakrepko\\\/\",\"https:\\\/\\\/www.linkedin.com\\\/company\\\/mlekarna-krepko\",\"https:\\\/\\\/www.youtube.com\\\/channel\\\/UCAzec5mnRHgcj2Th3fGRtKw?view_as=subscriber\"]}]}<\/script>\n<!-- \/ Yoast SEO plugin. -->","yoast_head_json":{"title":"Kefir Krepki vegano secco al cocco e ananas 500 g - Mlekarna Krepko","description":"Il Kefir Krepki vegano secco aromatizzato al cocco e ananas\u00a0\u00e8 prodotto con farina d\u2019avena pastorizzata ed \u00e8 privo di lattosio. \u00c8 una bevanda vegetale...","robots":{"index":"index","follow":"follow","max-snippet":"max-snippet:-1","max-image-preview":"max-image-preview:large","max-video-preview":"max-video-preview:-1"},"canonical":"https:\/\/www.mlekarna-krepko.si\/it\/prodotto\/kefir-krepki-suhec-vegano-secco-cocco-ananas-500g\/","og_locale":"it_IT","og_type":"article","og_title":"Kefir Krepki vegano secco al cocco e ananas 500 g - Mlekarna Krepko","og_description":"Il Kefir Krepki vegano secco aromatizzato al cocco e ananas\u00a0\u00e8 prodotto con farina d\u2019avena pastorizzata ed \u00e8 privo di lattosio. \u00c8 una bevanda vegetale...","og_url":"https:\/\/www.mlekarna-krepko.si\/it\/prodotto\/kefir-krepki-suhec-vegano-secco-cocco-ananas-500g\/","og_site_name":"Mlekarna Krepko","article_publisher":"https:\/\/www.facebook.com\/mlekarna.krepko\/","article_modified_time":"2023-11-15T12:28:07+00:00","og_image":[{"width":640,"height":802,"url":"https:\/\/www.mlekarna-krepko.si\/wp-content\/uploads\/2023\/10\/KEFYA_veganski_kefir_500g-web.jpg","type":"image\/jpeg"}],"twitter_card":"summary_large_image","twitter_misc":{"Tempo di lettura stimato":"2 minuti"},"schema":{"@context":"https:\/\/schema.org","@graph":[{"@type":"WebPage","@id":"https:\/\/www.mlekarna-krepko.si\/it\/prodotto\/kefir-krepki-suhec-vegano-secco-cocco-ananas-500g\/","url":"https:\/\/www.mlekarna-krepko.si\/it\/prodotto\/kefir-krepki-suhec-vegano-secco-cocco-ananas-500g\/","name":"Kefir Krepki vegano secco al cocco e ananas 500 g - Mlekarna Krepko","isPartOf":{"@id":"https:\/\/www.mlekarna-krepko.si\/sl\/#website"},"primaryImageOfPage":{"@id":"https:\/\/www.mlekarna-krepko.si\/it\/prodotto\/kefir-krepki-suhec-vegano-secco-cocco-ananas-500g\/#primaryimage"},"image":{"@id":"https:\/\/www.mlekarna-krepko.si\/it\/prodotto\/kefir-krepki-suhec-vegano-secco-cocco-ananas-500g\/#primaryimage"},"thumbnailUrl":"https:\/\/mlekarna-krepko.si\/wp-content\/uploads\/2023\/10\/KEFYA_veganski_kefir_500g-web.jpg","datePublished":"2023-10-19T08:40:53+00:00","dateModified":"2023-11-15T12:28:07+00:00","description":"Il Kefir Krepki vegano secco aromatizzato al cocco e ananas\u00a0\u00e8 prodotto con farina d\u2019avena pastorizzata ed \u00e8 privo di lattosio. \u00c8 una bevanda vegetale...","breadcrumb":{"@id":"https:\/\/www.mlekarna-krepko.si\/it\/prodotto\/kefir-krepki-suhec-vegano-secco-cocco-ananas-500g\/#breadcrumb"},"inLanguage":"it-IT","potentialAction":[{"@type":"ReadAction","target":["https:\/\/www.mlekarna-krepko.si\/it\/prodotto\/kefir-krepki-suhec-vegano-secco-cocco-ananas-500g\/"]}]},{"@type":"ImageObject","inLanguage":"it-IT","@id":"https:\/\/www.mlekarna-krepko.si\/it\/prodotto\/kefir-krepki-suhec-vegano-secco-cocco-ananas-500g\/#primaryimage","url":"https:\/\/mlekarna-krepko.si\/wp-content\/uploads\/2023\/10\/KEFYA_veganski_kefir_500g-web.jpg","contentUrl":"https:\/\/mlekarna-krepko.si\/wp-content\/uploads\/2023\/10\/KEFYA_veganski_kefir_500g-web.jpg","width":640,"height":802},{"@type":"BreadcrumbList","@id":"https:\/\/www.mlekarna-krepko.si\/it\/prodotto\/kefir-krepki-suhec-vegano-secco-cocco-ananas-500g\/#breadcrumb","itemListElement":[{"@type":"ListItem","position":1,"name":"Home","item":"https:\/\/www.mlekarna-krepko.si\/it\/"},{"@type":"ListItem","position":2,"name":"Trgovina","item":"https:\/\/www.mlekarna-krepko.si\/sl\/trgovina\/"},{"@type":"ListItem","position":3,"name":"Kefir Krepki vegano secco al cocco e ananas 500 g"}]},{"@type":"WebSite","@id":"https:\/\/www.mlekarna-krepko.si\/sl\/#website","url":"https:\/\/www.mlekarna-krepko.si\/sl\/","name":"Mlekarna Krepko","description":"","publisher":{"@id":"https:\/\/www.mlekarna-krepko.si\/sl\/#organization"},"potentialAction":[{"@type":"SearchAction","target":{"@type":"EntryPoint","urlTemplate":"https:\/\/www.mlekarna-krepko.si\/sl\/?s={search_term_string}"},"query-input":{"@type":"PropertyValueSpecification","valueRequired":true,"valueName":"search_term_string"}}],"inLanguage":"it-IT"},{"@type":"Organization","@id":"https:\/\/www.mlekarna-krepko.si\/sl\/#organization","name":"Mlekarna Krepko","url":"https:\/\/www.mlekarna-krepko.si\/sl\/","logo":{"@type":"ImageObject","inLanguage":"it-IT","@id":"https:\/\/www.mlekarna-krepko.si\/sl\/#\/schema\/logo\/image\/","url":"https:\/\/www.mlekarna-krepko.si\/wp-content\/uploads\/2020\/04\/LogoWeb_transparenten.png","contentUrl":"https:\/\/www.mlekarna-krepko.si\/wp-content\/uploads\/2020\/04\/LogoWeb_transparenten.png","width":300,"height":300,"caption":"Mlekarna Krepko"},"image":{"@id":"https:\/\/www.mlekarna-krepko.si\/sl\/#\/schema\/logo\/image\/"},"sameAs":["https:\/\/www.facebook.com\/mlekarna.krepko\/","https:\/\/www.instagram.com\/mlekarnakrepko\/","https:\/\/www.linkedin.com\/company\/mlekarna-krepko","https:\/\/www.youtube.com\/channel\/UCAzec5mnRHgcj2Th3fGRtKw?view_as=subscriber"]}]}},"_links":{"self":[{"href":"https:\/\/mlekarna-krepko.si\/it\/wp-json\/wp\/v2\/product\/24479","targetHints":{"allow":["GET"]}}],"collection":[{"href":"https:\/\/mlekarna-krepko.si\/it\/wp-json\/wp\/v2\/product"}],"about":[{"href":"https:\/\/mlekarna-krepko.si\/it\/wp-json\/wp\/v2\/types\/product"}],"wp:featuredmedia":[{"embeddable":true,"href":"https:\/\/mlekarna-krepko.si\/it\/wp-json\/wp\/v2\/media\/24746"}],"wp:attachment":[{"href":"https:\/\/mlekarna-krepko.si\/it\/wp-json\/wp\/v2\/media?parent=24479"}],"wp:term":[{"taxonomy":"product_cat","embeddable":true,"href":"https:\/\/mlekarna-krepko.si\/it\/wp-json\/wp\/v2\/product_cat?post=24479"},{"taxonomy":"product_tag","embeddable":true,"href":"https:\/\/mlekarna-krepko.si\/it\/wp-json\/wp\/v2\/product_tag?post=24479"}],"curies":[{"name":"wp","href":"https:\/\/api.w.org\/{rel}","templated":true}]}}