{"id":17129,"date":"2020-02-11T13:20:13","date_gmt":"2020-02-11T13:20:13","guid":{"rendered":"https:\/\/www.mlekarna-krepko.si\/?page_id=17129"},"modified":"2020-02-21T14:09:56","modified_gmt":"2020-02-21T14:09:56","slug":"politika-varovanja-osebnih-podatkov","status":"publish","type":"page","link":"https:\/\/mlekarna-krepko.si\/sl\/politika-varovanja-osebnih-podatkov\/","title":{"rendered":"Politika varovanja osebnih podatkov"},"content":{"rendered":"<h1 class=\"vc_custom_heading\">Politika varovanja osebnih podatkov<\/h1>\n<div class=\"wpb_wrapper wpb_text_column td_block_wrap td_block_wrap vc_column_text td_uid_4_5e42a878431d6_rand td-pb-border-top td_block_template_1\" data-td-block-uid=\"td_uid_4_5e42a878431d6\">\n<div class=\"td-block-title-wrap\"><\/div>\n<div class=\"td-fix-index\">\n<p>Zahvaljujemo se vam za obisk na\u0161ih spletnih strani. Varstvo va\u0161ih osebnih podatkov nam je zelo pomembno, zato vam skupaj s kvalitetnimi vsebinami zagotavljamo tudi va\u0161o pravico, da sami odlo\u010date o uporabi svojih podatkov. Ta politika zasebnosti ureja zbiranje, hrambo in obdelavo osebnih podatkov, ki jih upravljavec zbira od uporabnikov.<\/p>\n<\/div>\n<\/div>\n<h1 class=\"vc_custom_heading\">Kazalo<\/h1>\n<div class=\"wpb_wrapper wpb_text_column td_block_wrap td_block_wrap vc_column_text td_uid_5_5e42a878454e0_rand td-pb-border-top td_block_template_1\" data-td-block-uid=\"td_uid_5_5e42a878454e0\">\n<ul>\n<li>Upravljavec zbirke osebnih podatkov<\/li>\n<li>Kategorije osebnih podatkov<\/li>\n<li>Nameni obdelave osebnih podatkov<\/li>\n<li>\u010cas hrambe<\/li>\n<li>Varovanje osebnih podatkov<\/li>\n<li>Pravice uporabnikov<\/li>\n<li>Pogodbeni obdelovalci in obmo\u010dje hrambe<\/li>\n<li>Uporaba pi\u0161kotkov<\/li>\n<li>Navodila za urejanje pi\u0161kotkov v posameznih brskalnikih<\/li>\n<li>Pravno obvestilo<\/li>\n<\/ul>\n<\/div>\n<div class=\"wpb_wrapper td_block_wrap vc_raw_html td_uid_6_5e42a87845bc8_rand \">\n<div class=\"td-fix-index\">\n<div id=\"upravljaveczbirkeosebnihpodatkov\"><\/div>\n<\/div>\n<\/div>\n<h2 class=\"vc_custom_heading\">Upravljavec zbirke osebnih podatkov<\/h2>\n<p>MLEKARNA KREPKO Kele &amp; Kele d.o.o. , Laze 22a SI-1370 Logatec.<\/p>\n<div class=\"wpb_wrapper wpb_text_column td_block_wrap td_block_wrap vc_column_text td_uid_7_5e42a8784604f_rand td-pb-border-top td_block_template_1\" data-td-block-uid=\"td_uid_7_5e42a8784604f\">\n<div class=\"td-fix-index\">\n<p>Poobla\u0161\u010dena oseba v zvezi z varovanjem osebnih podatkov vam je dosegljiva na <a href=\"mailto:info@mlekarna-krepko.si\" target=\"_blank\" rel=\"noopener noreferrer\">info@mlekarna-krepko.si<\/a><\/p>\n<p>Kot prejemnik oz. uporabnik dovolim upravljavcu zbiranje, obdelovanje in hranjenje posredovanih osebnih podatkov, skladno z veljavno zakonodajo o varstvu osebnih podatkov.<\/p>\n<\/div>\n<\/div>\n<div class=\"wpb_wrapper td_block_wrap vc_raw_html td_uid_8_5e42a878466f3_rand \">\n<div class=\"td-fix-index\">\n<div id=\"kategorijeosebnihpodatkov\"><\/div>\n<\/div>\n<\/div>\n<h2 class=\"vc_custom_heading\">Kategorije osebnih podatkov<\/h2>\n<div class=\"wpb_wrapper wpb_text_column td_block_wrap td_block_wrap vc_column_text td_uid_9_5e42a87846b77_rand td-pb-border-top td_block_template_1\" data-td-block-uid=\"td_uid_9_5e42a87846b77\">\n<div class=\"td-block-title-wrap\">Pridobljeni podatki, ki jih hrani upravljavec zbirke osebnih podatkov:<\/div>\n<div class=\"td-fix-index\">\n<ul>\n<li>e-po\u0161tni naslov;<\/li>\n<li>ime in priimek ter naziv oz. spol zaradi potreb po personaliziranem po\u0161iljanju e-sporo\u010dil;<\/li>\n<li>naziv podjetja;<\/li>\n<li>fizi\u010dni naslov;<\/li>\n<li>telefon;<\/li>\n<li>GSM;<\/li>\n<li>katera sporo\u010dila je uporabnik odprl in katere povezave je v sporo\u010dilih kliknil;<\/li>\n<li>katere strani je obiskal na portalu;<\/li>\n<li>pretekla povpra\u0161evanja, nakupi, ra\u010duni, podporni zahtevki;<\/li>\n<li>IP naslovi uporabnika in ID-ji pi\u0161kotkov.<\/li>\n<\/ul>\n<\/div>\n<\/div>\n<div class=\"wpb_wrapper td_block_wrap vc_raw_html td_uid_10_5e42a878478a8_rand \">\n<div class=\"td-fix-index\">\n<div id=\"nameniobdelaveosebnihpodatkov\"><\/div>\n<\/div>\n<\/div>\n<h2 class=\"vc_custom_heading\">Nameni obdelave osebnih podatkov<\/h2>\n<div class=\"wpb_wrapper wpb_text_column td_block_wrap td_block_wrap vc_column_text td_uid_11_5e42a87848302_rand td-pb-border-top td_block_template_1\" data-td-block-uid=\"td_uid_11_5e42a87848302\">\n<div class=\"td-block-title-wrap\">Upravljavec Kele &amp; Kele d.o.o. , Laze 22a SI-1370 Logatec bo podatke, ki jih je pridobil od uporabnikov, uporabljal za naslednje namene:<\/div>\n<div class=\"td-fix-index\">\n<ul>\n<li>za komuniciranje z naro\u010dni\u0161kim oz. (pred)pogodbenim razmerjem;<\/li>\n<li>za izvedbo nagradnih iger;<\/li>\n<li>statisti\u010dne in tr\u017ene analize; sledenje klikom in odpiranjem e-mailov ter klikom na spletni strani za segmentacijo in prilagajanje vsebine e-mailov;<\/li>\n<li>obve\u0161\u010danje in po\u0161iljanje e-novic, \u010dlankov, obvestil o dogodkih po e-po\u0161ti;<\/li>\n<li>neposredno tr\u017eenje in po\u0161iljanje ponudb po SMS\/MMS, e-mailu in notifikacijskih sporo\u010dilih, klasi\u010dni po\u0161ti, na spletni strani in mobilnih aplikacijah ter opravljanje telefonskih klicev;<\/li>\n<li>segmentiranje, profiliranje in avtomatizirano obdelavo z namenom oblikovanja prilagojenih sporo\u010dil in ponudb, ki bodo bolj relevantna uporabniku;<\/li>\n<li>prikazovanje prilagojenih oglasov na ogla\u0161evalskih platformah (Google in Facebook).<\/li>\n<\/ul>\n<p>Ob poslanih elektronskih sporo\u010dilih si upravljavec zabele\u017ei odpiranja prejetih sporo\u010dil posameznikov in klike na povezave v prejetih sporo\u010dilih. Prav tako bele\u017ei oglede in akcije na spletni strani upravljavca. Za bolj\u0161e in bolj usmerjeno posredovanje ponudb\u00a0 ter prilagajanje sporo\u010dil oz. komunikacije zabele\u017eene podatke avtomatsko obdeluje, analizira, profilira ter ocenjuje aktivnost in merjenje zanimanja uporabnikov.<\/p>\n<p>&nbsp;<\/p>\n<\/div>\n<\/div>\n<h2 class=\"vc_custom_heading\">\u010cas hrambe<\/h2>\n<div class=\"wpb_wrapper wpb_text_column td_block_wrap td_block_wrap vc_column_text td_uid_13_5e42a878498f2_rand td-pb-border-top td_block_template_1\" data-td-block-uid=\"td_uid_13_5e42a878498f2\">\n<div class=\"td-block-title-wrap\">Osebne podatke posameznika hranimo \u010dasovno neomejeno oz. do preklica privolitve za hranjenje in obdelavo podatkov posameznika. Po preklicu soglasja posameznika njegove osebne podatke nemudoma u\u010dinkovito in trajno izbri\u0161emo.<\/div>\n<div class=\"td-fix-index\">\n<p>\u010ce bi v na\u0161em podjetju prenehali zgoraj opisani nameni, zaradi katerih hranimo in obdelujemo osebne podatke, bomo zbirke podatkov, katerih namen je prenehal, nemudoma u\u010dinkovito in trajno izbrisali.<\/p>\n<\/div>\n<\/div>\n<div class=\"wpb_wrapper td_block_wrap vc_raw_html td_uid_14_5e42a8784a48f_rand \">\n<div class=\"td-fix-index\">\n<div id=\"varovanjeosebnihpodatkov\"><\/div>\n<\/div>\n<\/div>\n<h2 class=\"vc_custom_heading\">Varovanje osebnih podatkov<\/h2>\n<div class=\"wpb_wrapper wpb_text_column td_block_wrap td_block_wrap vc_column_text td_uid_15_5e42a8784ae50_rand td-pb-border-top td_block_template_1\" data-td-block-uid=\"td_uid_15_5e42a8784ae50\">\n<div class=\"td-block-title-wrap\">Upravljavec bo pridobljene podatke varoval v skladu z veljavno zakonodajo o varstvu osebnih podatkov ter v skladu s svojimi notranjimi akti, sprejetimi na podlagi zakona. Zagotovil bo ustrezno organizacijsko in tehni\u010dno varovanje. Upravljavec pridobljenih podatkov v nobenem primeru ne bo posredoval ali razkril tretjim osebam. Podjetje Kele &amp; Kele d.o.o izvaja ustrezne tehni\u010dne in organizacijske ukrepe za varstvo osebnih podatkov.<\/div>\n<\/div>\n<div class=\"wpb_wrapper td_block_wrap vc_raw_html td_uid_16_5e42a8784b929_rand \">\n<div class=\"td-fix-index\">\n<div id=\"praviceuporabnikov\"><\/div>\n<\/div>\n<\/div>\n<h2 class=\"vc_custom_heading\">Pravice uporabnikov<\/h2>\n<div class=\"wpb_wrapper wpb_text_column td_block_wrap td_block_wrap vc_column_text td_uid_17_5e42a8784c260_rand td-pb-border-top td_block_template_1\" data-td-block-uid=\"td_uid_17_5e42a8784c260\">\n<div class=\"td-fix-index\">\n<p>V skladu z dolo\u010dili Splo\u0161ne uredbe EU o varstvu osebnih podatkov (GDPR) mora upravljavec osebnih podatkov porabniku na njegovo zahtevo:<\/p>\n<ul>\n<li>Potrditi, ali se podatki v zvezi z njim obdelujejo ali ne, in mu omogo\u010diti vpogled v osebne podatke, ki se nana\u0161ajo nanj.<\/li>\n<li>Posredovati izpis osebnih podatkov, ki se nana\u0161ajo nanj.<\/li>\n<li>Dati mo\u017enost, da popravi ali dopolni svoje osebne podatke.<\/li>\n<li>Dati mo\u017enost delnega ali celotnega izbrisa osebnih podatkov.<\/li>\n<li>Dati mo\u017enost prenosa osebnih podatkov k drugemu ponudniku sorodnih storitev.<\/li>\n<li>Dati mo\u017enost delnega ali celotnega umika privolitve za obdelavo osebnih podatkov.<\/li>\n<\/ul>\n<p>Upravljavec bo va\u0161o \u017eeljo po preklicu upo\u0161teval in najkasneje v 15 dneh dosledno uredil preklic soglasja z nameni obdelave osebnih podatkov.<\/p>\n<p>Vsak posameznik lahko v primeru, da meni, da so mu s strani upravljavca kakorkoli kr\u0161ene pravice o varstvu njegovih osebnih podatkov, kadarkoli poda prito\u017ebo pri nadzornem organu \u00a0(Informacijskem poobla\u0161\u010dencu v Republiki Sloveniji).<\/p>\n<p>Vsak porabnik ima mo\u017enost, da se enostavno z enimi klikom v nogi prejetega e-mail sporo\u010dila odjavi od prejemanja sporo\u010dil ali pa po\u0161lje e-mail z odjavo na\u00a0<a href=\"mailto:info@eprvak.si\">info@mlekarna-krepko.si<\/a>\u00a0ali z odgovorom na konkretno prejeto e-mail sporo\u010dilo.<\/p>\n<\/div>\n<\/div>\n<div class=\"wpb_wrapper td_block_wrap vc_raw_html td_uid_18_5e42a8784d138_rand \">\n<div class=\"td-fix-index\">\n<div id=\"pogodbeniobdelovalciinobmocjehrambe\"><\/div>\n<\/div>\n<\/div>\n<h2 class=\"vc_custom_heading\">Pogodbeni obdelovalci in obmo\u010dje hrambe<\/h2>\n<div class=\"wpb_wrapper wpb_text_column td_block_wrap td_block_wrap vc_column_text td_uid_19_5e42a8784d737_rand td-pb-border-top td_block_template_1\" data-td-block-uid=\"td_uid_19_5e42a8784d737\">\n<div class=\"td-block-title-wrap\">Upravljavec zbrane osebne podatke posreduje tudi svojim pogodbenim obdelovalcem, ki lahko podatke obdelujejo izklju\u010dno v okviru upravljav\u010devih navodil in pooblastil in ki so s pisno pogodbo, sklenjeno z upravljavcem, zavezani k zagotavljanju ustrezne ravni varstva osebnih podatkov, in sicer: za CRM, e-mail marketing sistem in sistem za marketin\u0161ko avtomatizacijo. Zbirke osebnih podatkov ponudnik hrani na obmo\u010dju EU ter jih ne izna\u0161a v tretje dr\u017eave.<\/div>\n<div class=\"td-fix-index\">\n<p>Upravljavec lahko posreduje osebne podatke digitalnim ogla\u0161evalskim platformam (Google, Facebook, LinkedIn in podobno) in uporablja njihove pi\u0161kotke, ki upravljavcu omogo\u010dajo oblikovanje bolj natan\u010dnih segmentov, prikazovanje targetiranih oglasov in ponovno tr\u017eenje. S tem uporabnik dobi bolj relevantne oglase na teh platformah s strani upravljavca. Pri tem gre lahko za iznos podatkov pogodbenemu obdelovalcu izven EU.<\/p>\n<\/div>\n<\/div>\n<div class=\"wpb_wrapper td_block_wrap vc_raw_html td_uid_20_5e42a8784e179_rand \">\n<div class=\"td-fix-index\">\n<div id=\"uporabapiskotkov\">\n<p>&nbsp;<\/p>\n<h2><strong>Poobla\u0161\u010dena oseba za varstvo osebnih podatkov<\/strong><\/h2>\n<p>doc. dr. Miha Dvojmo\u010d, mag. javn. upr., dipl. var.<br \/>\nTbilisijska 96, 1000 Ljubljana<br \/>\nT: 031 692 524<br \/>\nE:\u00a0<a href=\"mailto:miha.dvojmoc@infocenter.si\">miha.dvojmoc@infocenter.si<\/a><\/p>\n<p>&nbsp;<\/p>\n<\/div>\n<\/div>\n<\/div>\n<h2 class=\"vc_custom_heading\" id=\"piskotki\">Uporaba pi\u0161kotkov<\/h2>\n<div class=\"wpb_wrapper wpb_text_column td_block_wrap td_block_wrap vc_column_text td_uid_21_5e42a8784e72d_rand td-pb-border-top td_block_template_1\" data-td-block-uid=\"td_uid_21_5e42a8784e72d\">\n<div class=\"td-fix-index\">\n<p>Kot uporabnik spletne strani\u00a0<a href=\"http:\/\/www.eprvak.si\/\">www.mlekarna-krepko.si<\/a>\u00a0se strinjate, da se vam v ra\u010dunalnik nalo\u017eijo pi\u0161kotki (ang. cookies) za zagotavljanje delovanja vseh funkcij spletne stani, spletno analitiko in napredno ogla\u0161evanje. Nalo\u017eijo se naslednji pi\u0161kotki:<\/p>\n<ul>\n<li>Google Analytics pi\u0161kotki za analiti\u010dne namene;<\/li>\n<li>Pi\u0161kotki marketing automation orodja za spremljanje dejavnosti uporabnika na spletni strani.<\/li>\n<li>Pi\u0161kotki potrebni za delovanje WordPress spletne strani.<\/li>\n<\/ul>\n<p>Pi\u0161kotki omogo\u010dajo, da se dolo\u010dene vsebine ali funkcije aplikacije prilagodijo za dolo\u010denega obiskovalca, glede na njegove izbire ali preference ali glede na lastnosti njegove terminalske opreme. Pi\u0161kotki za analiti\u010dne namene omogo\u010dajo stalno izbolj\u0161evanje spletnega mesta.<\/p>\n<p>&nbsp;<\/p>\n<\/div>\n<\/div>\n<h1 class=\"vc_custom_heading\">Navodila za urejanje pi\u0161kotkov v posameznih brskalnikih<\/h1>\n<div class=\"wpb_wrapper wpb_text_column td_block_wrap td_block_wrap vc_column_text td_uid_23_5e42a8784f6b0_rand td-pb-border-top td_block_template_1\" data-td-block-uid=\"td_uid_23_5e42a8784f6b0\">\n<div class=\"td-block-title-wrap\"><\/div>\n<div class=\"td-fix-index\">\n<table>\n<tbody>\n<tr>\n<td>\u2013\u00a0<a href=\"https:\/\/support.google.com\/chrome\/answer\/95647?hl=sl\">Google Chrome<\/a><\/td>\n<\/tr>\n<tr>\n<td>\u2013\u00a0<a href=\"http:\/\/windows.microsoft.com\/sl-si\/internet-explorer\/delete-manage-cookies#ie=ie-10\">Internet Explorer<\/a><\/td>\n<\/tr>\n<tr>\n<td>\u2013\u00a0<a href=\"http:\/\/support.apple.com\/kb\/index?page=search&amp;fac=all&amp;q=cookies%20safari\">Safari<\/a><\/td>\n<\/tr>\n<tr>\n<td>\u2013\u00a0<a href=\"http:\/\/support.mozilla.org\/en-US\/kb\/enable-and-disable-cookies-website-preferences\">Firefox<\/a><\/td>\n<\/tr>\n<tr>\n<td>\u2013\u00a0<a href=\"http:\/\/www.opera.com\/help\/tutorials\/security\/privacy\/\">Opera<\/a><\/td>\n<\/tr>\n<\/tbody>\n<\/table>\n<\/div>\n<\/div>\n<div class=\"wpb_wrapper td_block_wrap vc_raw_html td_uid_24_5e42a8785079e_rand \">\n<div class=\"td-fix-index\">\n<div id=\"pravnoobvestilo\"><\/div>\n<\/div>\n<\/div>\n<h1 class=\"vc_custom_heading\">Pravno obvestilo<\/h1>\n<div class=\"wpb_wrapper wpb_text_column td_block_wrap td_block_wrap vc_column_text td_uid_25_5e42a87850d4d_rand td-pb-border-top td_block_template_1\" data-td-block-uid=\"td_uid_25_5e42a87850d4d\">\n<div class=\"td-fix-index\">\n<p>Vse vsebine, objavljene na www.mlekarna-krepko.si, so last dru\u017ebe Kele &amp; Kele d.o.o. , Laze 22a SI-1370 Logatec. Brez dovoljenja podjetja Kele &amp; Kele d.o.o.\u00a0 se jih ne sme kopirati, razmno\u017eevati ali distribuirati na kakr\u0161en koli drug na\u010din. Kele &amp; Kele d.o.o. ni odgovoren za morebitne te\u017eave pri delovanju spletne strani. Kele &amp; Kele d.o.o si pridr\u017euje pravico do morebitnih napak in sprememb vsebin, objavljenih na www.mlekarna-krepko.si.<\/p>\n<\/div>\n<\/div>\n","protected":false},"excerpt":{"rendered":"<p>Politika varovanja osebnih podatkov Zahvaljujemo se vam za obisk na\u0161ih spletnih strani. Varstvo va\u0161ih osebnih podatkov nam je zelo pomembno, zato vam skupaj s kvalitetnimi vsebinami zagotavljamo tudi va\u0161o pravico, da sami odlo\u010date o uporabi svojih podatkov. Ta politika zasebnosti ureja zbiranje, hrambo in obdelavo osebnih podatkov, ki jih upravljavec zbira od uporabnikov. Kazalo Upravljavec zbirke osebnih podatkov Kategorije osebnih [&hellip;]<\/p>\n","protected":false},"author":10,"featured_media":0,"parent":0,"menu_order":0,"comment_status":"closed","ping_status":"closed","template":"","meta":{"_acf_changed":false,"footnotes":""},"class_list":["post-17129","page","type-page","status-publish","hentry"],"acf":[],"yoast_head":"<!-- This site is optimized with the Yoast SEO plugin v27.4 - https:\/\/yoast.com\/product\/yoast-seo-wordpress\/ -->\n<title>Politika varovanja osebnih podatkov - Mlekarna Krepko<\/title>\n<meta name=\"robots\" content=\"index, follow, max-snippet:-1, max-image-preview:large, max-video-preview:-1\" \/>\n<link rel=\"canonical\" href=\"https:\/\/mlekarna-krepko.si\/sl\/politika-varovanja-osebnih-podatkov\/\" \/>\n<meta property=\"og:locale\" content=\"sl_SI\" \/>\n<meta property=\"og:type\" content=\"article\" \/>\n<meta property=\"og:title\" content=\"Politika varovanja osebnih podatkov - Mlekarna Krepko\" \/>\n<meta property=\"og:description\" content=\"Politika varovanja osebnih podatkov Zahvaljujemo se vam za obisk na\u0161ih spletnih strani. Varstvo va\u0161ih osebnih podatkov nam je zelo pomembno, zato vam skupaj s kvalitetnimi vsebinami zagotavljamo tudi va\u0161o pravico, da sami odlo\u010date o uporabi svojih podatkov. Ta politika zasebnosti ureja zbiranje, hrambo in obdelavo osebnih podatkov, ki jih upravljavec zbira od uporabnikov. Kazalo Upravljavec zbirke osebnih podatkov Kategorije osebnih [&hellip;]\" \/>\n<meta property=\"og:url\" content=\"https:\/\/mlekarna-krepko.si\/sl\/politika-varovanja-osebnih-podatkov\/\" \/>\n<meta property=\"og:site_name\" content=\"Mlekarna Krepko\" \/>\n<meta property=\"article:publisher\" content=\"https:\/\/www.facebook.com\/mlekarna.krepko\/\" \/>\n<meta property=\"article:modified_time\" content=\"2020-02-21T14:09:56+00:00\" \/>\n<meta name=\"twitter:card\" content=\"summary_large_image\" \/>\n<meta name=\"twitter:label1\" content=\"Est. reading time\" \/>\n\t<meta name=\"twitter:data1\" content=\"6 minut\" \/>\n<script type=\"application\/ld+json\" class=\"yoast-schema-graph\">{\"@context\":\"https:\\\/\\\/schema.org\",\"@graph\":[{\"@type\":\"WebPage\",\"@id\":\"https:\\\/\\\/mlekarna-krepko.si\\\/sl\\\/politika-varovanja-osebnih-podatkov\\\/\",\"url\":\"https:\\\/\\\/mlekarna-krepko.si\\\/sl\\\/politika-varovanja-osebnih-podatkov\\\/\",\"name\":\"Politika varovanja osebnih podatkov - Mlekarna Krepko\",\"isPartOf\":{\"@id\":\"https:\\\/\\\/www.mlekarna-krepko.si\\\/sl\\\/#website\"},\"datePublished\":\"2020-02-11T13:20:13+00:00\",\"dateModified\":\"2020-02-21T14:09:56+00:00\",\"breadcrumb\":{\"@id\":\"https:\\\/\\\/mlekarna-krepko.si\\\/sl\\\/politika-varovanja-osebnih-podatkov\\\/#breadcrumb\"},\"inLanguage\":\"sl-SI\",\"potentialAction\":[{\"@type\":\"ReadAction\",\"target\":[\"https:\\\/\\\/mlekarna-krepko.si\\\/sl\\\/politika-varovanja-osebnih-podatkov\\\/\"]}]},{\"@type\":\"BreadcrumbList\",\"@id\":\"https:\\\/\\\/mlekarna-krepko.si\\\/sl\\\/politika-varovanja-osebnih-podatkov\\\/#breadcrumb\",\"itemListElement\":[{\"@type\":\"ListItem\",\"position\":1,\"name\":\"Home\",\"item\":\"https:\\\/\\\/www.mlekarna-krepko.si\\\/sl\\\/\"},{\"@type\":\"ListItem\",\"position\":2,\"name\":\"Politika varovanja osebnih podatkov\"}]},{\"@type\":\"WebSite\",\"@id\":\"https:\\\/\\\/www.mlekarna-krepko.si\\\/sl\\\/#website\",\"url\":\"https:\\\/\\\/www.mlekarna-krepko.si\\\/sl\\\/\",\"name\":\"Mlekarna Krepko\",\"description\":\"\",\"publisher\":{\"@id\":\"https:\\\/\\\/www.mlekarna-krepko.si\\\/sl\\\/#organization\"},\"potentialAction\":[{\"@type\":\"SearchAction\",\"target\":{\"@type\":\"EntryPoint\",\"urlTemplate\":\"https:\\\/\\\/www.mlekarna-krepko.si\\\/sl\\\/?s={search_term_string}\"},\"query-input\":{\"@type\":\"PropertyValueSpecification\",\"valueRequired\":true,\"valueName\":\"search_term_string\"}}],\"inLanguage\":\"sl-SI\"},{\"@type\":\"Organization\",\"@id\":\"https:\\\/\\\/www.mlekarna-krepko.si\\\/sl\\\/#organization\",\"name\":\"Mlekarna Krepko\",\"url\":\"https:\\\/\\\/www.mlekarna-krepko.si\\\/sl\\\/\",\"logo\":{\"@type\":\"ImageObject\",\"inLanguage\":\"sl-SI\",\"@id\":\"https:\\\/\\\/www.mlekarna-krepko.si\\\/sl\\\/#\\\/schema\\\/logo\\\/image\\\/\",\"url\":\"https:\\\/\\\/www.mlekarna-krepko.si\\\/wp-content\\\/uploads\\\/2020\\\/04\\\/LogoWeb_transparenten.png\",\"contentUrl\":\"https:\\\/\\\/www.mlekarna-krepko.si\\\/wp-content\\\/uploads\\\/2020\\\/04\\\/LogoWeb_transparenten.png\",\"width\":300,\"height\":300,\"caption\":\"Mlekarna Krepko\"},\"image\":{\"@id\":\"https:\\\/\\\/www.mlekarna-krepko.si\\\/sl\\\/#\\\/schema\\\/logo\\\/image\\\/\"},\"sameAs\":[\"https:\\\/\\\/www.facebook.com\\\/mlekarna.krepko\\\/\",\"https:\\\/\\\/www.instagram.com\\\/mlekarnakrepko\\\/\",\"https:\\\/\\\/www.linkedin.com\\\/company\\\/mlekarna-krepko\",\"https:\\\/\\\/www.youtube.com\\\/channel\\\/UCAzec5mnRHgcj2Th3fGRtKw?view_as=subscriber\"]}]}<\/script>\n<!-- \/ Yoast SEO plugin. -->","yoast_head_json":{"title":"Politika varovanja osebnih podatkov - Mlekarna Krepko","robots":{"index":"index","follow":"follow","max-snippet":"max-snippet:-1","max-image-preview":"max-image-preview:large","max-video-preview":"max-video-preview:-1"},"canonical":"https:\/\/mlekarna-krepko.si\/sl\/politika-varovanja-osebnih-podatkov\/","og_locale":"sl_SI","og_type":"article","og_title":"Politika varovanja osebnih podatkov - Mlekarna Krepko","og_description":"Politika varovanja osebnih podatkov Zahvaljujemo se vam za obisk na\u0161ih spletnih strani. Varstvo va\u0161ih osebnih podatkov nam je zelo pomembno, zato vam skupaj s kvalitetnimi vsebinami zagotavljamo tudi va\u0161o pravico, da sami odlo\u010date o uporabi svojih podatkov. Ta politika zasebnosti ureja zbiranje, hrambo in obdelavo osebnih podatkov, ki jih upravljavec zbira od uporabnikov. Kazalo Upravljavec zbirke osebnih podatkov Kategorije osebnih [&hellip;]","og_url":"https:\/\/mlekarna-krepko.si\/sl\/politika-varovanja-osebnih-podatkov\/","og_site_name":"Mlekarna Krepko","article_publisher":"https:\/\/www.facebook.com\/mlekarna.krepko\/","article_modified_time":"2020-02-21T14:09:56+00:00","twitter_card":"summary_large_image","twitter_misc":{"Est. reading time":"6 minut"},"schema":{"@context":"https:\/\/schema.org","@graph":[{"@type":"WebPage","@id":"https:\/\/mlekarna-krepko.si\/sl\/politika-varovanja-osebnih-podatkov\/","url":"https:\/\/mlekarna-krepko.si\/sl\/politika-varovanja-osebnih-podatkov\/","name":"Politika varovanja osebnih podatkov - Mlekarna Krepko","isPartOf":{"@id":"https:\/\/www.mlekarna-krepko.si\/sl\/#website"},"datePublished":"2020-02-11T13:20:13+00:00","dateModified":"2020-02-21T14:09:56+00:00","breadcrumb":{"@id":"https:\/\/mlekarna-krepko.si\/sl\/politika-varovanja-osebnih-podatkov\/#breadcrumb"},"inLanguage":"sl-SI","potentialAction":[{"@type":"ReadAction","target":["https:\/\/mlekarna-krepko.si\/sl\/politika-varovanja-osebnih-podatkov\/"]}]},{"@type":"BreadcrumbList","@id":"https:\/\/mlekarna-krepko.si\/sl\/politika-varovanja-osebnih-podatkov\/#breadcrumb","itemListElement":[{"@type":"ListItem","position":1,"name":"Home","item":"https:\/\/www.mlekarna-krepko.si\/sl\/"},{"@type":"ListItem","position":2,"name":"Politika varovanja osebnih podatkov"}]},{"@type":"WebSite","@id":"https:\/\/www.mlekarna-krepko.si\/sl\/#website","url":"https:\/\/www.mlekarna-krepko.si\/sl\/","name":"Mlekarna Krepko","description":"","publisher":{"@id":"https:\/\/www.mlekarna-krepko.si\/sl\/#organization"},"potentialAction":[{"@type":"SearchAction","target":{"@type":"EntryPoint","urlTemplate":"https:\/\/www.mlekarna-krepko.si\/sl\/?s={search_term_string}"},"query-input":{"@type":"PropertyValueSpecification","valueRequired":true,"valueName":"search_term_string"}}],"inLanguage":"sl-SI"},{"@type":"Organization","@id":"https:\/\/www.mlekarna-krepko.si\/sl\/#organization","name":"Mlekarna Krepko","url":"https:\/\/www.mlekarna-krepko.si\/sl\/","logo":{"@type":"ImageObject","inLanguage":"sl-SI","@id":"https:\/\/www.mlekarna-krepko.si\/sl\/#\/schema\/logo\/image\/","url":"https:\/\/www.mlekarna-krepko.si\/wp-content\/uploads\/2020\/04\/LogoWeb_transparenten.png","contentUrl":"https:\/\/www.mlekarna-krepko.si\/wp-content\/uploads\/2020\/04\/LogoWeb_transparenten.png","width":300,"height":300,"caption":"Mlekarna Krepko"},"image":{"@id":"https:\/\/www.mlekarna-krepko.si\/sl\/#\/schema\/logo\/image\/"},"sameAs":["https:\/\/www.facebook.com\/mlekarna.krepko\/","https:\/\/www.instagram.com\/mlekarnakrepko\/","https:\/\/www.linkedin.com\/company\/mlekarna-krepko","https:\/\/www.youtube.com\/channel\/UCAzec5mnRHgcj2Th3fGRtKw?view_as=subscriber"]}]}},"_links":{"self":[{"href":"https:\/\/mlekarna-krepko.si\/sl\/wp-json\/wp\/v2\/pages\/17129","targetHints":{"allow":["GET"]}}],"collection":[{"href":"https:\/\/mlekarna-krepko.si\/sl\/wp-json\/wp\/v2\/pages"}],"about":[{"href":"https:\/\/mlekarna-krepko.si\/sl\/wp-json\/wp\/v2\/types\/page"}],"author":[{"embeddable":true,"href":"https:\/\/mlekarna-krepko.si\/sl\/wp-json\/wp\/v2\/users\/10"}],"replies":[{"embeddable":true,"href":"https:\/\/mlekarna-krepko.si\/sl\/wp-json\/wp\/v2\/comments?post=17129"}],"version-history":[{"count":7,"href":"https:\/\/mlekarna-krepko.si\/sl\/wp-json\/wp\/v2\/pages\/17129\/revisions"}],"predecessor-version":[{"id":17152,"href":"https:\/\/mlekarna-krepko.si\/sl\/wp-json\/wp\/v2\/pages\/17129\/revisions\/17152"}],"wp:attachment":[{"href":"https:\/\/mlekarna-krepko.si\/sl\/wp-json\/wp\/v2\/media?parent=17129"}],"curies":[{"name":"wp","href":"https:\/\/api.w.org\/{rel}","templated":true}]}}