{"id":16861,"date":"2020-01-14T13:25:51","date_gmt":"2020-01-14T13:25:51","guid":{"rendered":"https:\/\/www.mlekarna-krepko.si\/sl\/?post_type=product&#038;p=16861"},"modified":"2025-04-07T05:58:30","modified_gmt":"2025-04-07T05:58:30","slug":"kefir-32-mm-brez-laktoze-500g","status":"publish","type":"product","link":"https:\/\/mlekarna-krepko.si\/sl\/izdelek\/kefir-32-mm-brez-laktoze-500g\/","title":{"rendered":"Kefir Krepki suhec 3,2% m.m. brez laktoze 500g"},"content":{"rendered":"<h3>Kaj so prednosti rednega u\u017eivanja tradicionalnega kefirja?<\/h3>\n<p>Prednosti rednega u\u017eivanja tradicionalnega kefirja:<\/p>\n<ul>\n<li><strong>Izbolj\u0161uje va\u0161o \u010drevesno floro in prebavo<\/strong>, saj je naravni simbiotik (<strong>vsebuje probiotike in prebiotike<\/strong>). U\u010dinek prebiotikov je pomemben, saj prebiotiki poskrbijo za mo\u010dnej\u0161i u\u010dinek probioti\u010dnih bakterij.<\/li>\n<li>Z njim boste <strong>z zdravim in lahkim obrokom va\u0161emu telesu dali<\/strong> <strong>pomembne naravne vitamine <\/strong>(A, E, B1, B2, B6, B12, biotin, folna kislina), <strong>minerale <\/strong>(kalij, kalcij, \u017eelezo, magnezij, natrij, baker, cink, fosfor) in tudi <strong>esencialne aminokisline<\/strong>.<\/li>\n<li><strong>Je brez laktoze<\/strong>, zato ga boste la\u017eje u\u017eivali tudi ljudje v zrelih letih in tisti z laktozno intoleranco.<\/li>\n<li>Spodbujate lokalno, saj je pridelan iz slovenskega (ekolo\u0161kega) nehomogeniziranega mleka,<\/li>\n<li>Je brez konzervansov in aditivov.<\/li>\n<\/ul>\n<p><a href=\"https:\/\/www.mlekarna-krepko.si\/sl\/blog\/ucinek-kefirja-na-zdravje\/\">Ve\u010d o u\u010dinkih kefirja na \u010dlove\u0161ko telo &gt;&gt;<\/a><\/p>\n<h3>Komu \u0161e posebej priporo\u010damo kefir?<\/h3>\n<p>Priporo\u010damo ga tistim, ki:<\/p>\n<ul>\n<li>\u017eelite bolj urejeno prebavo in uravnote\u017eeno \u010drevesno floro,<\/li>\n<li>potrebujete nizkokalori\u010den obrok, ki vam pomaga pri prizadevanjih za izgubo telesne te\u017ee,<\/li>\n<li>delate na krepitvi imunskega sistema, saj je znano da \u010drevesje tvori ve\u010dino celic imunskega sistema,<\/li>\n<li>ste jemali antibiotike in \u017eelite ponovno vzpostaviti ravnovesje \u010drevesne flore,<\/li>\n<li>se ukvarjate s \u0161portom in bi radi u\u017eivali polnovredno prehrano,<\/li>\n<li>ste izpostavljeni stresu, ki lahko precej negativno vpliva na \u010drevesno floro,<\/li>\n<li>cenite lokalno in ekolo\u0161ko pridelano hrano.<\/li>\n<\/ul>\n<h3><strong>Izdelan le po naravni tradicionalni metodi<\/strong><\/h3>\n<p>Proizvodnja kefirja Krepki suhec poteka na tradicionalni na\u010din, s kefirnimi zrni iz iz slovenskega, pasteriziranega, tipiziranega in nehomogeniziranega mleka. Tako med procesom fermentacije nastaja naravni CO<sub>2<\/sub>, mle\u010dna kislina, etanol ter ostala hranila, ki vplivajo na okus kefirja proizvedenega na tradicionalen na\u010din.<\/p>\n<p>\u010ce primerjamo tradicionalno pridelan kefir z jogurtom ali kislim mlekom, ki sta prav tako fermentirana mle\u010dna izdelka, ugotovimo, da jogurt vsebuje najve\u010d tri bakterije, enako velja za kislo mleko, iz trojice pa najbolj izstopa tradicionalni kefir, saj poleg ogromnega \u0161tevila mikroorganizmov, ki jih je kar \u010dez sto, vsebuje \u0161e kvasovke. Kefir velja za nespornega kralja fermentiranih mle\u010dnih izdelkov!<\/p>\n<h3><strong>Uporaba kefirja pri pripravi jedi<\/strong><\/h3>\n<p>Kefir se uporablja pri pripravi toplih ali hladnih juh, solatnih prelivov, sladoleda, tort, mafinov in kola\u010dev, pala\u010dink in vafljev, kruha in ostalih pekovskih izdelkov, frapejev in smutijev, kot preliv za kosmi\u010de in \u017egance ali kot pomaka za pe\u010deno meso.<\/p>\n<p>S kefirjem lahko ustvarjamo \u0161e na mnogo drugih na\u010dinov. Za popoln za\u010detek dneva si lahko pripravimo fantasti\u010den zajtrk s kefirjem. Lahko ga obogatimo s sve\u017eim ali suhim sadjem, cimetom in semeni. Izvrstna je tudi koruzna poga\u010da, obogatena s kefirjem, za katero potrebujemo le nekaj osnovnih sestavin \u2212 pa \u0161e pe\u010dena je v dobre pol ure!<\/p>\n<p><img decoding=\"async\" class=\"alignnone wp-image-18413\" src=\"https:\/\/www.mlekarna-krepko.si\/wp-content\/uploads\/2020\/04\/MS74060-s-2.jpg\" alt=\"Foto: Matja\u017e \u0160kerjanec\" width=\"554\" height=\"367\" srcset=\"https:\/\/mlekarna-krepko.si\/wp-content\/uploads\/2020\/04\/MS74060-s-2.jpg 1000w, https:\/\/mlekarna-krepko.si\/wp-content\/uploads\/2020\/04\/MS74060-s-2-300x200.jpg 300w, https:\/\/mlekarna-krepko.si\/wp-content\/uploads\/2020\/04\/MS74060-s-2-200x133.jpg 200w\" sizes=\"(max-width: 554px) 100vw, 554px\" \/><\/p>\n<h3>Recept za koruzno poga\u010do obogateno s kefirjem:<\/h3>\n<p><a href=\"https:\/\/www.mlekarna-krepko.si\/sl\/recepti\/koruzna-pogaca-obogatena-s-kefirjem\/\">https:\/\/www.mlekarna-krepko.si\/sl\/recepti\/koruzna-pogaca-obogatena-s-kefirjem\/<\/a><\/p>\n<table border=\"1\" cellspacing=\"0\" cellpadding=\"0\">\n<tbody>\n<tr>\n<td style=\"width: 349px;\" colspan=\"2\">\n<p align=\"center\"><span style=\"color: #ff0000;\"><strong>Hranilna vrednost (povpre\u010dje v 100 g)<\/strong><\/span><\/p>\n<\/td>\n<\/tr>\n<tr>\n<td style=\"width: 245px;\">Beljakovine<\/td>\n<td style=\"width: 104px;\">3,4 g<\/td>\n<\/tr>\n<tr>\n<td style=\"width: 245px;\">Ogljikovi hidrati<\/td>\n<td style=\"width: 104px;\">3,4 g<\/td>\n<\/tr>\n<tr>\n<td style=\"width: 245px;\">\u00a0\u00a0\u00a0 od tega \u00a0sladkorji<\/td>\n<td style=\"width: 104px;\">3,4 g<\/td>\n<\/tr>\n<tr>\n<td style=\"width: 245px;\">Ma\u0161\u010dobe<\/td>\n<td style=\"width: 104px;\">3,2 g<\/td>\n<\/tr>\n<tr>\n<td style=\"width: 245px;\">\u00a0\u00a0\u00a0\u00a0 nasi\u010dene ma\u0161\u010dobne kisline<\/td>\n<td style=\"width: 104px;\">2,0 g<\/td>\n<\/tr>\n<tr>\n<td style=\"width: 245px;\">Prehranske vlaknine<\/td>\n<td style=\"width: 104px;\">0 g<\/td>\n<\/tr>\n<tr>\n<td style=\"width: 245px;\">Sol (naravno prisotna)<\/td>\n<td style=\"width: 104px;\">0,1 g<\/td>\n<\/tr>\n<tr>\n<td style=\"width: 245px;\">Energijska vrednost<\/td>\n<td style=\"width: 104px;\">234 kJ\/56 kcal<\/td>\n<\/tr>\n<\/tbody>\n<\/table>\n<p>***Laktoza: <em><strong>&lt;0,1 g<\/strong><\/em><br \/>\n*Alergeni:\u00a0<em><strong>mleko<\/strong><\/em><\/p>\n","protected":false},"excerpt":{"rendered":"<p>Kefir Krepki suhec, s 3,2 % mle\u010dne ma\u0161\u010dobe in <strong>brez laktoze<\/strong>, je izdelan iz slovenskega, pasteriziranega, tipiziranega in nehomogeniziranega mleka. <strong>Proizvodnja kefirja Krepki suhec poteka na tradicionalni na\u010din, s kefirnimi zrni, kar je posebnost Mlekarne Krepko<\/strong>. Tako med procesom fermentacije nastaja naravni CO<sub>2<\/sub>, mle\u010dna kislina, etanol ter ostale manj\u0161e komponente, ki vplivajo na okus kefirja proizvedenega na tradicionalen na\u010din.<\/p>\n<p><img decoding=\"async\" class=\"wp-image-20891 aligncenter\" src=\"https:\/\/www.mlekarna-krepko.si\/wp-content\/uploads\/2021\/04\/kefir-lastnosti-sticker1-500x500-1.jpg\" alt=\"\" width=\"193\" height=\"193\" srcset=\"https:\/\/mlekarna-krepko.si\/wp-content\/uploads\/2021\/04\/kefir-lastnosti-sticker1-500x500-1.jpg 500w, https:\/\/mlekarna-krepko.si\/wp-content\/uploads\/2021\/04\/kefir-lastnosti-sticker1-500x500-1-300x300.jpg 300w, https:\/\/mlekarna-krepko.si\/wp-content\/uploads\/2021\/04\/kefir-lastnosti-sticker1-500x500-1-150x150.jpg 150w, https:\/\/mlekarna-krepko.si\/wp-content\/uploads\/2021\/04\/kefir-lastnosti-sticker1-500x500-1-250x250.jpg 250w, https:\/\/mlekarna-krepko.si\/wp-content\/uploads\/2021\/04\/kefir-lastnosti-sticker1-500x500-1-200x200.jpg 200w\" sizes=\"(max-width: 193px) 100vw, 193px\" \/><\/p>\n<p>&nbsp;<\/p>\n","protected":false},"featured_media":23157,"template":"","meta":{"_acf_changed":false},"product_cat":[160],"product_tag":[],"class_list":{"0":"post-16861","1":"product","2":"type-product","3":"status-publish","4":"has-post-thumbnail","6":"product_cat-kefirji-krepko","8":"first","9":"instock","10":"taxable","11":"shipping-taxable","12":"product-type-simple"},"acf":[],"yoast_head":"<!-- This site is optimized with the Yoast SEO plugin v27.4 - https:\/\/yoast.com\/product\/yoast-seo-wordpress\/ -->\n<title>Kefir Krepki suhec 3,2% m.m. brez laktoze 500g - Mlekarna Krepko<\/title>\n<meta name=\"description\" content=\"Proizvodnja kefirja Krepki suhec poteka na tradicionalni na\u010din, s kefirnimi zrni, kar je posebnost Mlekarne Krepko\" \/>\n<meta name=\"robots\" content=\"index, follow, max-snippet:-1, max-image-preview:large, max-video-preview:-1\" \/>\n<link rel=\"canonical\" href=\"https:\/\/www.mlekarna-krepko.si\/sl\/izdelek\/kefir-32-mm-brez-laktoze-500g\/\" \/>\n<meta property=\"og:locale\" content=\"sl_SI\" \/>\n<meta property=\"og:type\" content=\"article\" \/>\n<meta property=\"og:title\" content=\"Kefir Krepki suhec 3,2% m.m. brez laktoze 500g - Mlekarna Krepko\" \/>\n<meta property=\"og:description\" content=\"Proizvodnja kefirja Krepki suhec poteka na tradicionalni na\u010din, s kefirnimi zrni, kar je posebnost Mlekarne Krepko\" \/>\n<meta property=\"og:url\" content=\"https:\/\/www.mlekarna-krepko.si\/sl\/izdelek\/kefir-32-mm-brez-laktoze-500g\/\" \/>\n<meta property=\"og:site_name\" content=\"Mlekarna Krepko\" \/>\n<meta property=\"article:publisher\" content=\"https:\/\/www.facebook.com\/mlekarna.krepko\/\" \/>\n<meta property=\"article:modified_time\" content=\"2025-04-07T05:58:30+00:00\" \/>\n<meta property=\"og:image\" content=\"https:\/\/www.mlekarna-krepko.si\/wp-content\/uploads\/2022\/12\/Kefir_32_brez_laktoze_500g_web-b.jpg\" \/>\n\t<meta property=\"og:image:width\" content=\"640\" \/>\n\t<meta property=\"og:image:height\" content=\"802\" \/>\n\t<meta property=\"og:image:type\" content=\"image\/jpeg\" \/>\n<meta name=\"twitter:card\" content=\"summary_large_image\" \/>\n<meta name=\"twitter:label1\" content=\"Est. reading time\" \/>\n\t<meta name=\"twitter:data1\" content=\"4 minute\" \/>\n<script type=\"application\/ld+json\" class=\"yoast-schema-graph\">{\"@context\":\"https:\\\/\\\/schema.org\",\"@graph\":[{\"@type\":\"WebPage\",\"@id\":\"https:\\\/\\\/www.mlekarna-krepko.si\\\/sl\\\/izdelek\\\/kefir-32-mm-brez-laktoze-500g\\\/\",\"url\":\"https:\\\/\\\/www.mlekarna-krepko.si\\\/sl\\\/izdelek\\\/kefir-32-mm-brez-laktoze-500g\\\/\",\"name\":\"Kefir Krepki suhec 3,2% m.m. brez laktoze 500g - Mlekarna Krepko\",\"isPartOf\":{\"@id\":\"https:\\\/\\\/www.mlekarna-krepko.si\\\/sl\\\/#website\"},\"primaryImageOfPage\":{\"@id\":\"https:\\\/\\\/www.mlekarna-krepko.si\\\/sl\\\/izdelek\\\/kefir-32-mm-brez-laktoze-500g\\\/#primaryimage\"},\"image\":{\"@id\":\"https:\\\/\\\/www.mlekarna-krepko.si\\\/sl\\\/izdelek\\\/kefir-32-mm-brez-laktoze-500g\\\/#primaryimage\"},\"thumbnailUrl\":\"https:\\\/\\\/mlekarna-krepko.si\\\/wp-content\\\/uploads\\\/2022\\\/12\\\/Kefir_32_brez_laktoze_500g_web-b.jpg\",\"datePublished\":\"2020-01-14T13:25:51+00:00\",\"dateModified\":\"2025-04-07T05:58:30+00:00\",\"description\":\"Proizvodnja kefirja Krepki suhec poteka na tradicionalni na\u010din, s kefirnimi zrni, kar je posebnost Mlekarne Krepko\",\"breadcrumb\":{\"@id\":\"https:\\\/\\\/www.mlekarna-krepko.si\\\/sl\\\/izdelek\\\/kefir-32-mm-brez-laktoze-500g\\\/#breadcrumb\"},\"inLanguage\":\"sl-SI\",\"potentialAction\":[{\"@type\":\"ReadAction\",\"target\":[\"https:\\\/\\\/www.mlekarna-krepko.si\\\/sl\\\/izdelek\\\/kefir-32-mm-brez-laktoze-500g\\\/\"]}]},{\"@type\":\"ImageObject\",\"inLanguage\":\"sl-SI\",\"@id\":\"https:\\\/\\\/www.mlekarna-krepko.si\\\/sl\\\/izdelek\\\/kefir-32-mm-brez-laktoze-500g\\\/#primaryimage\",\"url\":\"https:\\\/\\\/mlekarna-krepko.si\\\/wp-content\\\/uploads\\\/2022\\\/12\\\/Kefir_32_brez_laktoze_500g_web-b.jpg\",\"contentUrl\":\"https:\\\/\\\/mlekarna-krepko.si\\\/wp-content\\\/uploads\\\/2022\\\/12\\\/Kefir_32_brez_laktoze_500g_web-b.jpg\",\"width\":640,\"height\":802},{\"@type\":\"BreadcrumbList\",\"@id\":\"https:\\\/\\\/www.mlekarna-krepko.si\\\/sl\\\/izdelek\\\/kefir-32-mm-brez-laktoze-500g\\\/#breadcrumb\",\"itemListElement\":[{\"@type\":\"ListItem\",\"position\":1,\"name\":\"Home\",\"item\":\"https:\\\/\\\/www.mlekarna-krepko.si\\\/sl\\\/\"},{\"@type\":\"ListItem\",\"position\":2,\"name\":\"Trgovina\",\"item\":\"https:\\\/\\\/www.mlekarna-krepko.si\\\/sl\\\/trgovina\\\/\"},{\"@type\":\"ListItem\",\"position\":3,\"name\":\"Kefir Krepki suhec 3,2% m.m. brez laktoze 500g\"}]},{\"@type\":\"WebSite\",\"@id\":\"https:\\\/\\\/www.mlekarna-krepko.si\\\/sl\\\/#website\",\"url\":\"https:\\\/\\\/www.mlekarna-krepko.si\\\/sl\\\/\",\"name\":\"Mlekarna Krepko\",\"description\":\"\",\"publisher\":{\"@id\":\"https:\\\/\\\/www.mlekarna-krepko.si\\\/sl\\\/#organization\"},\"potentialAction\":[{\"@type\":\"SearchAction\",\"target\":{\"@type\":\"EntryPoint\",\"urlTemplate\":\"https:\\\/\\\/www.mlekarna-krepko.si\\\/sl\\\/?s={search_term_string}\"},\"query-input\":{\"@type\":\"PropertyValueSpecification\",\"valueRequired\":true,\"valueName\":\"search_term_string\"}}],\"inLanguage\":\"sl-SI\"},{\"@type\":\"Organization\",\"@id\":\"https:\\\/\\\/www.mlekarna-krepko.si\\\/sl\\\/#organization\",\"name\":\"Mlekarna Krepko\",\"url\":\"https:\\\/\\\/www.mlekarna-krepko.si\\\/sl\\\/\",\"logo\":{\"@type\":\"ImageObject\",\"inLanguage\":\"sl-SI\",\"@id\":\"https:\\\/\\\/www.mlekarna-krepko.si\\\/sl\\\/#\\\/schema\\\/logo\\\/image\\\/\",\"url\":\"https:\\\/\\\/www.mlekarna-krepko.si\\\/wp-content\\\/uploads\\\/2020\\\/04\\\/LogoWeb_transparenten.png\",\"contentUrl\":\"https:\\\/\\\/www.mlekarna-krepko.si\\\/wp-content\\\/uploads\\\/2020\\\/04\\\/LogoWeb_transparenten.png\",\"width\":300,\"height\":300,\"caption\":\"Mlekarna Krepko\"},\"image\":{\"@id\":\"https:\\\/\\\/www.mlekarna-krepko.si\\\/sl\\\/#\\\/schema\\\/logo\\\/image\\\/\"},\"sameAs\":[\"https:\\\/\\\/www.facebook.com\\\/mlekarna.krepko\\\/\",\"https:\\\/\\\/www.instagram.com\\\/mlekarnakrepko\\\/\",\"https:\\\/\\\/www.linkedin.com\\\/company\\\/mlekarna-krepko\",\"https:\\\/\\\/www.youtube.com\\\/channel\\\/UCAzec5mnRHgcj2Th3fGRtKw?view_as=subscriber\"]}]}<\/script>\n<!-- \/ Yoast SEO plugin. -->","yoast_head_json":{"title":"Kefir Krepki suhec 3,2% m.m. brez laktoze 500g - Mlekarna Krepko","description":"Proizvodnja kefirja Krepki suhec poteka na tradicionalni na\u010din, s kefirnimi zrni, kar je posebnost Mlekarne Krepko","robots":{"index":"index","follow":"follow","max-snippet":"max-snippet:-1","max-image-preview":"max-image-preview:large","max-video-preview":"max-video-preview:-1"},"canonical":"https:\/\/www.mlekarna-krepko.si\/sl\/izdelek\/kefir-32-mm-brez-laktoze-500g\/","og_locale":"sl_SI","og_type":"article","og_title":"Kefir Krepki suhec 3,2% m.m. brez laktoze 500g - Mlekarna Krepko","og_description":"Proizvodnja kefirja Krepki suhec poteka na tradicionalni na\u010din, s kefirnimi zrni, kar je posebnost Mlekarne Krepko","og_url":"https:\/\/www.mlekarna-krepko.si\/sl\/izdelek\/kefir-32-mm-brez-laktoze-500g\/","og_site_name":"Mlekarna Krepko","article_publisher":"https:\/\/www.facebook.com\/mlekarna.krepko\/","article_modified_time":"2025-04-07T05:58:30+00:00","og_image":[{"width":640,"height":802,"url":"https:\/\/www.mlekarna-krepko.si\/wp-content\/uploads\/2022\/12\/Kefir_32_brez_laktoze_500g_web-b.jpg","type":"image\/jpeg"}],"twitter_card":"summary_large_image","twitter_misc":{"Est. reading time":"4 minute"},"schema":{"@context":"https:\/\/schema.org","@graph":[{"@type":"WebPage","@id":"https:\/\/www.mlekarna-krepko.si\/sl\/izdelek\/kefir-32-mm-brez-laktoze-500g\/","url":"https:\/\/www.mlekarna-krepko.si\/sl\/izdelek\/kefir-32-mm-brez-laktoze-500g\/","name":"Kefir Krepki suhec 3,2% m.m. brez laktoze 500g - Mlekarna Krepko","isPartOf":{"@id":"https:\/\/www.mlekarna-krepko.si\/sl\/#website"},"primaryImageOfPage":{"@id":"https:\/\/www.mlekarna-krepko.si\/sl\/izdelek\/kefir-32-mm-brez-laktoze-500g\/#primaryimage"},"image":{"@id":"https:\/\/www.mlekarna-krepko.si\/sl\/izdelek\/kefir-32-mm-brez-laktoze-500g\/#primaryimage"},"thumbnailUrl":"https:\/\/mlekarna-krepko.si\/wp-content\/uploads\/2022\/12\/Kefir_32_brez_laktoze_500g_web-b.jpg","datePublished":"2020-01-14T13:25:51+00:00","dateModified":"2025-04-07T05:58:30+00:00","description":"Proizvodnja kefirja Krepki suhec poteka na tradicionalni na\u010din, s kefirnimi zrni, kar je posebnost Mlekarne Krepko","breadcrumb":{"@id":"https:\/\/www.mlekarna-krepko.si\/sl\/izdelek\/kefir-32-mm-brez-laktoze-500g\/#breadcrumb"},"inLanguage":"sl-SI","potentialAction":[{"@type":"ReadAction","target":["https:\/\/www.mlekarna-krepko.si\/sl\/izdelek\/kefir-32-mm-brez-laktoze-500g\/"]}]},{"@type":"ImageObject","inLanguage":"sl-SI","@id":"https:\/\/www.mlekarna-krepko.si\/sl\/izdelek\/kefir-32-mm-brez-laktoze-500g\/#primaryimage","url":"https:\/\/mlekarna-krepko.si\/wp-content\/uploads\/2022\/12\/Kefir_32_brez_laktoze_500g_web-b.jpg","contentUrl":"https:\/\/mlekarna-krepko.si\/wp-content\/uploads\/2022\/12\/Kefir_32_brez_laktoze_500g_web-b.jpg","width":640,"height":802},{"@type":"BreadcrumbList","@id":"https:\/\/www.mlekarna-krepko.si\/sl\/izdelek\/kefir-32-mm-brez-laktoze-500g\/#breadcrumb","itemListElement":[{"@type":"ListItem","position":1,"name":"Home","item":"https:\/\/www.mlekarna-krepko.si\/sl\/"},{"@type":"ListItem","position":2,"name":"Trgovina","item":"https:\/\/www.mlekarna-krepko.si\/sl\/trgovina\/"},{"@type":"ListItem","position":3,"name":"Kefir Krepki suhec 3,2% m.m. brez laktoze 500g"}]},{"@type":"WebSite","@id":"https:\/\/www.mlekarna-krepko.si\/sl\/#website","url":"https:\/\/www.mlekarna-krepko.si\/sl\/","name":"Mlekarna Krepko","description":"","publisher":{"@id":"https:\/\/www.mlekarna-krepko.si\/sl\/#organization"},"potentialAction":[{"@type":"SearchAction","target":{"@type":"EntryPoint","urlTemplate":"https:\/\/www.mlekarna-krepko.si\/sl\/?s={search_term_string}"},"query-input":{"@type":"PropertyValueSpecification","valueRequired":true,"valueName":"search_term_string"}}],"inLanguage":"sl-SI"},{"@type":"Organization","@id":"https:\/\/www.mlekarna-krepko.si\/sl\/#organization","name":"Mlekarna Krepko","url":"https:\/\/www.mlekarna-krepko.si\/sl\/","logo":{"@type":"ImageObject","inLanguage":"sl-SI","@id":"https:\/\/www.mlekarna-krepko.si\/sl\/#\/schema\/logo\/image\/","url":"https:\/\/www.mlekarna-krepko.si\/wp-content\/uploads\/2020\/04\/LogoWeb_transparenten.png","contentUrl":"https:\/\/www.mlekarna-krepko.si\/wp-content\/uploads\/2020\/04\/LogoWeb_transparenten.png","width":300,"height":300,"caption":"Mlekarna Krepko"},"image":{"@id":"https:\/\/www.mlekarna-krepko.si\/sl\/#\/schema\/logo\/image\/"},"sameAs":["https:\/\/www.facebook.com\/mlekarna.krepko\/","https:\/\/www.instagram.com\/mlekarnakrepko\/","https:\/\/www.linkedin.com\/company\/mlekarna-krepko","https:\/\/www.youtube.com\/channel\/UCAzec5mnRHgcj2Th3fGRtKw?view_as=subscriber"]}]}},"_links":{"self":[{"href":"https:\/\/mlekarna-krepko.si\/sl\/wp-json\/wp\/v2\/product\/16861","targetHints":{"allow":["GET"]}}],"collection":[{"href":"https:\/\/mlekarna-krepko.si\/sl\/wp-json\/wp\/v2\/product"}],"about":[{"href":"https:\/\/mlekarna-krepko.si\/sl\/wp-json\/wp\/v2\/types\/product"}],"wp:featuredmedia":[{"embeddable":true,"href":"https:\/\/mlekarna-krepko.si\/sl\/wp-json\/wp\/v2\/media\/23157"}],"wp:attachment":[{"href":"https:\/\/mlekarna-krepko.si\/sl\/wp-json\/wp\/v2\/media?parent=16861"}],"wp:term":[{"taxonomy":"product_cat","embeddable":true,"href":"https:\/\/mlekarna-krepko.si\/sl\/wp-json\/wp\/v2\/product_cat?post=16861"},{"taxonomy":"product_tag","embeddable":true,"href":"https:\/\/mlekarna-krepko.si\/sl\/wp-json\/wp\/v2\/product_tag?post=16861"}],"curies":[{"name":"wp","href":"https:\/\/api.w.org\/{rel}","templated":true}]}}