{"id":23204,"date":"2023-02-28T09:38:15","date_gmt":"2023-02-28T09:38:15","guid":{"rendered":"https:\/\/www.mlekarna-krepko.si\/?post_type=product&#038;p=23204"},"modified":"2025-04-07T05:52:27","modified_gmt":"2025-04-07T05:52:27","slug":"kefir-krepki-suhec-s-kolagenom-in-vrtnico-13-m-m-500g","status":"publish","type":"product","link":"https:\/\/mlekarna-krepko.si\/sl\/izdelek\/kefir-krepki-suhec-s-kolagenom-in-vrtnico-13-m-m-500g\/","title":{"rendered":"Kefir Krepki suhec s kolagenom in vrtnico 1,3% m.m. 500g"},"content":{"rendered":"<p><b>Kefir Krepki suhec s kolagenom in okusom vrtnice <\/b>je izdelan iz slovenskega pasteriziranega, tipiziranega in nehomogeniziranega mleka. Osnova izdelka je kefir Krepki suhec, z 1,3 % mle\u010dne ma\u0161\u010dobe, ki je 100 % izdelan s pomo\u010djo pravih kefirnih zrn. Gre za tradicionalni napitek stoletnikov s Kavkaza, ki dokazano podalj\u0161uje \u017eivljenje. V njem najdemo ve\u010d kot 30 probioti\u010dnih mikroorganizmov, ki pomagajo pri ohranjanju zdrave mikrobiote. Zdaj pa smo omenjenemu napitku dodali \u0161e <b>kolagen <\/b>in <b>vitamin C<\/b>. Fermentiran mle\u010dni napitek ima tako prijeten aromati\u010den vonj in ne\u017een okus po <b>vrtnicah<\/b>, vendar ohranja rezkost, ki je zna\u010dilna lastnost tradicionalnega kefirja.<\/p>\n<p><b>Z zau\u017eitjem vsebnosti 500 g plastenke (kefir z dodanim kolagenom in vitaminom C) pokrijemo 100 % dnevnih potreb po kolagenu in vitaminu C.<\/b><\/p>\n<p><b>Kolagen<\/b>, ribjega izvora, klini\u010dno dokazano zmanj\u0161uje gube, izbolj\u0161a \u010dvrstost in elasti\u010dnost ko\u017ee ter ohranja zdrave lase in nohte. \u0160tudije o u\u010dinkovitosti hidroliziranega kolagena so pokazale, da se delci hidroliziranega kolagena odli\u010dno absorbirajo, delno nepo\u0161kodovani prehajajo skozi \u010drevesno steno, v krvni obtok ter spodbujajo sintezo lastnega kolagena.<\/p>\n<p><b>Izvle\u010dek vrtnice <\/b>pomaga pri laj\u0161anju tesnobnosti in preobremenjenosti. Izbolj\u0161a delovanje prebave in vsebuje protimikrobne ter antioksidativne lastnosti.<\/p>\n<p><b>Vitamin C<\/b> pomaga pri delovanju imunskega sistema in pri tvorbi kolagena v telesu. Je vodotopen vitamin, ki ga organizem ne more tvoriti sam, zato ga moramo v dovolj\u0161ni koli\u010dini, vsakodnevno, vnesti v telo. Pripomore tudi h delovanju \u017eiv\u010dnega sistema in mo\u017eganov.<\/p>\n<p><i>Zdravje v \u010drevesju je klju\u010dnega pomena in lahko vpliva tako na telo kot na mo\u017egane.<\/i><\/p>\n<p>&nbsp;<\/p>\n<table width=\"321\">\n<tbody>\n<tr>\n<td colspan=\"2\" width=\"321\">POVPRE\u010cNA HRANILNA VREDNOST NA 100 g<\/td>\n<\/tr>\n<tr>\n<td width=\"206\">Energijska vrednost<\/td>\n<td width=\"115\">299 kJ\/ 71 kcal<\/td>\n<\/tr>\n<tr>\n<td width=\"206\">Ma\u0161\u010dobe<\/td>\n<td width=\"115\">1,5 g<\/td>\n<\/tr>\n<tr>\n<td width=\"206\">od tega nasi\u010dene ma\u0161\u010dobe<\/td>\n<td width=\"115\">1,0 g<\/td>\n<\/tr>\n<tr>\n<td width=\"206\">Ogljikovi hidrati<\/td>\n<td width=\"115\">10,1 g<\/td>\n<\/tr>\n<tr>\n<td width=\"206\">od tega sladkorji<\/td>\n<td width=\"115\">9,7 g<\/td>\n<\/tr>\n<tr>\n<td width=\"206\">Beljakovine<\/td>\n<td width=\"115\">4,2 g<\/td>\n<\/tr>\n<tr>\n<td width=\"206\">Sol**<\/td>\n<td width=\"115\">0,10 g<\/td>\n<\/tr>\n<tr>\n<td width=\"206\">Kolagen<\/td>\n<td width=\"115\">1 g<\/td>\n<\/tr>\n<tr>\n<td width=\"206\">Vitamin C<\/td>\n<td width=\"115\">16 mg**<\/td>\n<\/tr>\n<\/tbody>\n<\/table>\n<p><i>*Alergeni:\u00a0<em><strong>mleko<\/strong><\/em><\/i><\/p>\n","protected":false},"excerpt":{"rendered":"<p>Kefir Krepki suhec s kolagenom in okusom vrtnice je izdelan iz slovenskega pasteriziranega, tipiziranega in nehomogeniziranega mleka. Osnova izdelka je kefir Krepki suhec, z 1,3 % mle\u010dne ma\u0161\u010dobe, ki je 100 % izdelan s pomo\u010djo pravih kefirnih zrn. Gre za tradicionalni napitek stoletnikov s Kavkaza, ki dokazano podalj\u0161uje \u017eivljenje. V njem najdemo ve\u010d kot 30 probioti\u010dnih mikroorganizmov, ki pomagajo pri [&hellip;]<\/p>\n","protected":false},"featured_media":23377,"template":"","meta":{"_acf_changed":false},"product_cat":[160],"product_tag":[212,250,255,256,253,254,257,246,245,244,252,251],"class_list":{"0":"post-23204","1":"product","2":"type-product","3":"status-publish","4":"has-post-thumbnail","6":"product_cat-kefirji-krepko","7":"product_tag-kefir","8":"product_tag-kolagen","9":"product_tag-koza","10":"product_tag-lasje","11":"product_tag-lepota","12":"product_tag-mladost","13":"product_tag-nohti","14":"product_tag-prebava","15":"product_tag-prebiotik","16":"product_tag-probiotik","17":"product_tag-vitamin-c","18":"product_tag-vrtnica","20":"first","21":"instock","22":"taxable","23":"shipping-taxable","24":"product-type-simple"},"acf":[],"yoast_head":"<!-- This site is optimized with the Yoast SEO plugin v27.4 - https:\/\/yoast.com\/product\/yoast-seo-wordpress\/ -->\n<title>Kefir Krepki suhec s kolagenom in vrtnico 1,3% m.m. 500g - Mlekarna Krepko<\/title>\n<meta name=\"description\" content=\"Z zau\u017eitjem vsebnosti 500 g plastenke (kefir z dodanim kolagenom in vitaminom C) pokrijemo 100 % dnevnih potreb po kolagenu in vitaminu C.\" \/>\n<meta name=\"robots\" content=\"index, follow, max-snippet:-1, max-image-preview:large, max-video-preview:-1\" \/>\n<link rel=\"canonical\" href=\"https:\/\/www.mlekarna-krepko.si\/sl\/izdelek\/kefir-krepki-suhec-s-kolagenom-in-vrtnico-13-m-m-500g\/\" \/>\n<meta property=\"og:locale\" content=\"sl_SI\" \/>\n<meta property=\"og:type\" content=\"article\" \/>\n<meta property=\"og:title\" content=\"Kefir Krepki suhec s kolagenom in vrtnico 1,3% m.m. 500g - Mlekarna Krepko\" \/>\n<meta property=\"og:description\" content=\"Z zau\u017eitjem vsebnosti 500 g plastenke (kefir z dodanim kolagenom in vitaminom C) pokrijemo 100 % dnevnih potreb po kolagenu in vitaminu C.\" \/>\n<meta property=\"og:url\" content=\"https:\/\/www.mlekarna-krepko.si\/sl\/izdelek\/kefir-krepki-suhec-s-kolagenom-in-vrtnico-13-m-m-500g\/\" \/>\n<meta property=\"og:site_name\" content=\"Mlekarna Krepko\" \/>\n<meta property=\"article:publisher\" content=\"https:\/\/www.facebook.com\/mlekarna.krepko\/\" \/>\n<meta property=\"article:modified_time\" content=\"2025-04-07T05:52:27+00:00\" \/>\n<meta property=\"og:image\" content=\"https:\/\/www.mlekarna-krepko.si\/wp-content\/uploads\/2023\/03\/suhec-kolagen-s-500ml.jpg\" \/>\n\t<meta property=\"og:image:width\" content=\"640\" \/>\n\t<meta property=\"og:image:height\" content=\"802\" \/>\n\t<meta property=\"og:image:type\" content=\"image\/jpeg\" \/>\n<meta name=\"twitter:card\" content=\"summary_large_image\" \/>\n<meta name=\"twitter:label1\" content=\"Est. reading time\" \/>\n\t<meta name=\"twitter:data1\" content=\"2 minuti\" \/>\n<script type=\"application\/ld+json\" class=\"yoast-schema-graph\">{\"@context\":\"https:\\\/\\\/schema.org\",\"@graph\":[{\"@type\":\"WebPage\",\"@id\":\"https:\\\/\\\/www.mlekarna-krepko.si\\\/sl\\\/izdelek\\\/kefir-krepki-suhec-s-kolagenom-in-vrtnico-13-m-m-500g\\\/\",\"url\":\"https:\\\/\\\/www.mlekarna-krepko.si\\\/sl\\\/izdelek\\\/kefir-krepki-suhec-s-kolagenom-in-vrtnico-13-m-m-500g\\\/\",\"name\":\"Kefir Krepki suhec s kolagenom in vrtnico 1,3% m.m. 500g - Mlekarna Krepko\",\"isPartOf\":{\"@id\":\"https:\\\/\\\/www.mlekarna-krepko.si\\\/sl\\\/#website\"},\"primaryImageOfPage\":{\"@id\":\"https:\\\/\\\/www.mlekarna-krepko.si\\\/sl\\\/izdelek\\\/kefir-krepki-suhec-s-kolagenom-in-vrtnico-13-m-m-500g\\\/#primaryimage\"},\"image\":{\"@id\":\"https:\\\/\\\/www.mlekarna-krepko.si\\\/sl\\\/izdelek\\\/kefir-krepki-suhec-s-kolagenom-in-vrtnico-13-m-m-500g\\\/#primaryimage\"},\"thumbnailUrl\":\"https:\\\/\\\/mlekarna-krepko.si\\\/wp-content\\\/uploads\\\/2023\\\/03\\\/suhec-kolagen-s-500ml.jpg\",\"datePublished\":\"2023-02-28T09:38:15+00:00\",\"dateModified\":\"2025-04-07T05:52:27+00:00\",\"description\":\"Z zau\u017eitjem vsebnosti 500 g plastenke (kefir z dodanim kolagenom in vitaminom C) pokrijemo 100 % dnevnih potreb po kolagenu in vitaminu C.\",\"breadcrumb\":{\"@id\":\"https:\\\/\\\/www.mlekarna-krepko.si\\\/sl\\\/izdelek\\\/kefir-krepki-suhec-s-kolagenom-in-vrtnico-13-m-m-500g\\\/#breadcrumb\"},\"inLanguage\":\"sl-SI\",\"potentialAction\":[{\"@type\":\"ReadAction\",\"target\":[\"https:\\\/\\\/www.mlekarna-krepko.si\\\/sl\\\/izdelek\\\/kefir-krepki-suhec-s-kolagenom-in-vrtnico-13-m-m-500g\\\/\"]}]},{\"@type\":\"ImageObject\",\"inLanguage\":\"sl-SI\",\"@id\":\"https:\\\/\\\/www.mlekarna-krepko.si\\\/sl\\\/izdelek\\\/kefir-krepki-suhec-s-kolagenom-in-vrtnico-13-m-m-500g\\\/#primaryimage\",\"url\":\"https:\\\/\\\/mlekarna-krepko.si\\\/wp-content\\\/uploads\\\/2023\\\/03\\\/suhec-kolagen-s-500ml.jpg\",\"contentUrl\":\"https:\\\/\\\/mlekarna-krepko.si\\\/wp-content\\\/uploads\\\/2023\\\/03\\\/suhec-kolagen-s-500ml.jpg\",\"width\":640,\"height\":802},{\"@type\":\"BreadcrumbList\",\"@id\":\"https:\\\/\\\/www.mlekarna-krepko.si\\\/sl\\\/izdelek\\\/kefir-krepki-suhec-s-kolagenom-in-vrtnico-13-m-m-500g\\\/#breadcrumb\",\"itemListElement\":[{\"@type\":\"ListItem\",\"position\":1,\"name\":\"Home\",\"item\":\"https:\\\/\\\/www.mlekarna-krepko.si\\\/sl\\\/\"},{\"@type\":\"ListItem\",\"position\":2,\"name\":\"Trgovina\",\"item\":\"https:\\\/\\\/www.mlekarna-krepko.si\\\/sl\\\/trgovina\\\/\"},{\"@type\":\"ListItem\",\"position\":3,\"name\":\"Kefir Krepki suhec s kolagenom in vrtnico 1,3% m.m. 500g\"}]},{\"@type\":\"WebSite\",\"@id\":\"https:\\\/\\\/www.mlekarna-krepko.si\\\/sl\\\/#website\",\"url\":\"https:\\\/\\\/www.mlekarna-krepko.si\\\/sl\\\/\",\"name\":\"Mlekarna Krepko\",\"description\":\"\",\"publisher\":{\"@id\":\"https:\\\/\\\/www.mlekarna-krepko.si\\\/sl\\\/#organization\"},\"potentialAction\":[{\"@type\":\"SearchAction\",\"target\":{\"@type\":\"EntryPoint\",\"urlTemplate\":\"https:\\\/\\\/www.mlekarna-krepko.si\\\/sl\\\/?s={search_term_string}\"},\"query-input\":{\"@type\":\"PropertyValueSpecification\",\"valueRequired\":true,\"valueName\":\"search_term_string\"}}],\"inLanguage\":\"sl-SI\"},{\"@type\":\"Organization\",\"@id\":\"https:\\\/\\\/www.mlekarna-krepko.si\\\/sl\\\/#organization\",\"name\":\"Mlekarna Krepko\",\"url\":\"https:\\\/\\\/www.mlekarna-krepko.si\\\/sl\\\/\",\"logo\":{\"@type\":\"ImageObject\",\"inLanguage\":\"sl-SI\",\"@id\":\"https:\\\/\\\/www.mlekarna-krepko.si\\\/sl\\\/#\\\/schema\\\/logo\\\/image\\\/\",\"url\":\"https:\\\/\\\/www.mlekarna-krepko.si\\\/wp-content\\\/uploads\\\/2020\\\/04\\\/LogoWeb_transparenten.png\",\"contentUrl\":\"https:\\\/\\\/www.mlekarna-krepko.si\\\/wp-content\\\/uploads\\\/2020\\\/04\\\/LogoWeb_transparenten.png\",\"width\":300,\"height\":300,\"caption\":\"Mlekarna Krepko\"},\"image\":{\"@id\":\"https:\\\/\\\/www.mlekarna-krepko.si\\\/sl\\\/#\\\/schema\\\/logo\\\/image\\\/\"},\"sameAs\":[\"https:\\\/\\\/www.facebook.com\\\/mlekarna.krepko\\\/\",\"https:\\\/\\\/www.instagram.com\\\/mlekarnakrepko\\\/\",\"https:\\\/\\\/www.linkedin.com\\\/company\\\/mlekarna-krepko\",\"https:\\\/\\\/www.youtube.com\\\/channel\\\/UCAzec5mnRHgcj2Th3fGRtKw?view_as=subscriber\"]}]}<\/script>\n<!-- \/ Yoast SEO plugin. -->","yoast_head_json":{"title":"Kefir Krepki suhec s kolagenom in vrtnico 1,3% m.m. 500g - Mlekarna Krepko","description":"Z zau\u017eitjem vsebnosti 500 g plastenke (kefir z dodanim kolagenom in vitaminom C) pokrijemo 100 % dnevnih potreb po kolagenu in vitaminu C.","robots":{"index":"index","follow":"follow","max-snippet":"max-snippet:-1","max-image-preview":"max-image-preview:large","max-video-preview":"max-video-preview:-1"},"canonical":"https:\/\/www.mlekarna-krepko.si\/sl\/izdelek\/kefir-krepki-suhec-s-kolagenom-in-vrtnico-13-m-m-500g\/","og_locale":"sl_SI","og_type":"article","og_title":"Kefir Krepki suhec s kolagenom in vrtnico 1,3% m.m. 500g - Mlekarna Krepko","og_description":"Z zau\u017eitjem vsebnosti 500 g plastenke (kefir z dodanim kolagenom in vitaminom C) pokrijemo 100 % dnevnih potreb po kolagenu in vitaminu C.","og_url":"https:\/\/www.mlekarna-krepko.si\/sl\/izdelek\/kefir-krepki-suhec-s-kolagenom-in-vrtnico-13-m-m-500g\/","og_site_name":"Mlekarna Krepko","article_publisher":"https:\/\/www.facebook.com\/mlekarna.krepko\/","article_modified_time":"2025-04-07T05:52:27+00:00","og_image":[{"width":640,"height":802,"url":"https:\/\/www.mlekarna-krepko.si\/wp-content\/uploads\/2023\/03\/suhec-kolagen-s-500ml.jpg","type":"image\/jpeg"}],"twitter_card":"summary_large_image","twitter_misc":{"Est. reading time":"2 minuti"},"schema":{"@context":"https:\/\/schema.org","@graph":[{"@type":"WebPage","@id":"https:\/\/www.mlekarna-krepko.si\/sl\/izdelek\/kefir-krepki-suhec-s-kolagenom-in-vrtnico-13-m-m-500g\/","url":"https:\/\/www.mlekarna-krepko.si\/sl\/izdelek\/kefir-krepki-suhec-s-kolagenom-in-vrtnico-13-m-m-500g\/","name":"Kefir Krepki suhec s kolagenom in vrtnico 1,3% m.m. 500g - Mlekarna Krepko","isPartOf":{"@id":"https:\/\/www.mlekarna-krepko.si\/sl\/#website"},"primaryImageOfPage":{"@id":"https:\/\/www.mlekarna-krepko.si\/sl\/izdelek\/kefir-krepki-suhec-s-kolagenom-in-vrtnico-13-m-m-500g\/#primaryimage"},"image":{"@id":"https:\/\/www.mlekarna-krepko.si\/sl\/izdelek\/kefir-krepki-suhec-s-kolagenom-in-vrtnico-13-m-m-500g\/#primaryimage"},"thumbnailUrl":"https:\/\/mlekarna-krepko.si\/wp-content\/uploads\/2023\/03\/suhec-kolagen-s-500ml.jpg","datePublished":"2023-02-28T09:38:15+00:00","dateModified":"2025-04-07T05:52:27+00:00","description":"Z zau\u017eitjem vsebnosti 500 g plastenke (kefir z dodanim kolagenom in vitaminom C) pokrijemo 100 % dnevnih potreb po kolagenu in vitaminu C.","breadcrumb":{"@id":"https:\/\/www.mlekarna-krepko.si\/sl\/izdelek\/kefir-krepki-suhec-s-kolagenom-in-vrtnico-13-m-m-500g\/#breadcrumb"},"inLanguage":"sl-SI","potentialAction":[{"@type":"ReadAction","target":["https:\/\/www.mlekarna-krepko.si\/sl\/izdelek\/kefir-krepki-suhec-s-kolagenom-in-vrtnico-13-m-m-500g\/"]}]},{"@type":"ImageObject","inLanguage":"sl-SI","@id":"https:\/\/www.mlekarna-krepko.si\/sl\/izdelek\/kefir-krepki-suhec-s-kolagenom-in-vrtnico-13-m-m-500g\/#primaryimage","url":"https:\/\/mlekarna-krepko.si\/wp-content\/uploads\/2023\/03\/suhec-kolagen-s-500ml.jpg","contentUrl":"https:\/\/mlekarna-krepko.si\/wp-content\/uploads\/2023\/03\/suhec-kolagen-s-500ml.jpg","width":640,"height":802},{"@type":"BreadcrumbList","@id":"https:\/\/www.mlekarna-krepko.si\/sl\/izdelek\/kefir-krepki-suhec-s-kolagenom-in-vrtnico-13-m-m-500g\/#breadcrumb","itemListElement":[{"@type":"ListItem","position":1,"name":"Home","item":"https:\/\/www.mlekarna-krepko.si\/sl\/"},{"@type":"ListItem","position":2,"name":"Trgovina","item":"https:\/\/www.mlekarna-krepko.si\/sl\/trgovina\/"},{"@type":"ListItem","position":3,"name":"Kefir Krepki suhec s kolagenom in vrtnico 1,3% m.m. 500g"}]},{"@type":"WebSite","@id":"https:\/\/www.mlekarna-krepko.si\/sl\/#website","url":"https:\/\/www.mlekarna-krepko.si\/sl\/","name":"Mlekarna Krepko","description":"","publisher":{"@id":"https:\/\/www.mlekarna-krepko.si\/sl\/#organization"},"potentialAction":[{"@type":"SearchAction","target":{"@type":"EntryPoint","urlTemplate":"https:\/\/www.mlekarna-krepko.si\/sl\/?s={search_term_string}"},"query-input":{"@type":"PropertyValueSpecification","valueRequired":true,"valueName":"search_term_string"}}],"inLanguage":"sl-SI"},{"@type":"Organization","@id":"https:\/\/www.mlekarna-krepko.si\/sl\/#organization","name":"Mlekarna Krepko","url":"https:\/\/www.mlekarna-krepko.si\/sl\/","logo":{"@type":"ImageObject","inLanguage":"sl-SI","@id":"https:\/\/www.mlekarna-krepko.si\/sl\/#\/schema\/logo\/image\/","url":"https:\/\/www.mlekarna-krepko.si\/wp-content\/uploads\/2020\/04\/LogoWeb_transparenten.png","contentUrl":"https:\/\/www.mlekarna-krepko.si\/wp-content\/uploads\/2020\/04\/LogoWeb_transparenten.png","width":300,"height":300,"caption":"Mlekarna Krepko"},"image":{"@id":"https:\/\/www.mlekarna-krepko.si\/sl\/#\/schema\/logo\/image\/"},"sameAs":["https:\/\/www.facebook.com\/mlekarna.krepko\/","https:\/\/www.instagram.com\/mlekarnakrepko\/","https:\/\/www.linkedin.com\/company\/mlekarna-krepko","https:\/\/www.youtube.com\/channel\/UCAzec5mnRHgcj2Th3fGRtKw?view_as=subscriber"]}]}},"_links":{"self":[{"href":"https:\/\/mlekarna-krepko.si\/sl\/wp-json\/wp\/v2\/product\/23204","targetHints":{"allow":["GET"]}}],"collection":[{"href":"https:\/\/mlekarna-krepko.si\/sl\/wp-json\/wp\/v2\/product"}],"about":[{"href":"https:\/\/mlekarna-krepko.si\/sl\/wp-json\/wp\/v2\/types\/product"}],"wp:featuredmedia":[{"embeddable":true,"href":"https:\/\/mlekarna-krepko.si\/sl\/wp-json\/wp\/v2\/media\/23377"}],"wp:attachment":[{"href":"https:\/\/mlekarna-krepko.si\/sl\/wp-json\/wp\/v2\/media?parent=23204"}],"wp:term":[{"taxonomy":"product_cat","embeddable":true,"href":"https:\/\/mlekarna-krepko.si\/sl\/wp-json\/wp\/v2\/product_cat?post=23204"},{"taxonomy":"product_tag","embeddable":true,"href":"https:\/\/mlekarna-krepko.si\/sl\/wp-json\/wp\/v2\/product_tag?post=23204"}],"curies":[{"name":"wp","href":"https:\/\/api.w.org\/{rel}","templated":true}]}}