{"id":24198,"date":"2023-10-19T08:40:53","date_gmt":"2023-10-19T08:40:53","guid":{"rendered":"https:\/\/www.mlekarna-krepko.si\/?post_type=product&#038;p=24198"},"modified":"2025-04-07T05:50:06","modified_gmt":"2025-04-07T05:50:06","slug":"kefir-krepki-suhec-veganski-kokos-ananas-500g","status":"publish","type":"product","link":"https:\/\/mlekarna-krepko.si\/sl\/izdelek\/kefir-krepki-suhec-veganski-kokos-ananas-500g\/","title":{"rendered":"Kefya a la kefir Krepki suhec veganski ananas-kokos 500 g"},"content":{"rendered":"<p><b>Kefya a la kefir Krepki suhec veganski z okusom ananas-kokos <\/b>je izdelan iz pasteriziranega ovsenega napitka in ne vsebuje laktoze. Je fermentiran rastlinski napitek izdelan iz veganskih kefirnih zrn in je zato primeren tako za vegane kot vegetarijance. Ima prijeten aromati\u010den vonj in okus po <b>kokosu in ananasu<\/b>, vendar ohranja \u017eametno sve\u017eino, ki je zna\u010dilna lastnost tradicionalnega kefirja. Veganska kefirna zrna so sestavljena iz simbiotske me\u0161anice mle\u010dnokislinskih bakterij, kvasovk, gliv, ocetnokislinskih bakterij in polisaharidov, ki so svoj \u017eivljenjski prostor zamenjala za rastlinsko osnovo.<\/p>\n<p>Probioti\u010dni napitek tako vsebuje ve\u010d kot 30 razli\u010dnih probioti\u010dnih mikroorganizmov. Tako kot obi\u010dajen kefir, pridelan iz mleka, tudi ta deluje protibakterijsko, protivnetno in antioksidativno, zni\u017euje holesterol, nadzoruje glukozo v plazmi, uravnava krvni tlak, se bori proti rakavim celicam in celo pospe\u0161uje celjenje.<\/p>\n<p><b>Oves <\/b>je vsem zelo dobro poznana polnovredna \u017eitarica, ki vsebuje veliko mineralov in vitaminov (B1, B2, D in E). Prav tako velja za prebiotik, ki nahrani na\u0161o mikrofloro. Prepre\u010duje zaprtje in nas varuje pred rakom na debelem \u010drevesju.<\/p>\n<p><i>Zdravje v \u010drevesju je klju\u010dnega pomena in lahko vpliva tako na telo kot na mo\u017egane.<\/i><\/p>\n<p>&nbsp;<\/p>\n<table width=\"321\">\n<tbody>\n<tr>\n<td colspan=\"2\" width=\"321\">POVPRE\u010cNA HRANILNA VREDNOST NA 100 g<\/td>\n<\/tr>\n<tr>\n<td width=\"206\">Energijska vrednost<\/td>\n<td width=\"115\">232 kJ\/ 55 kcal<\/td>\n<\/tr>\n<tr>\n<td width=\"206\">Ma\u0161\u010dobe<\/td>\n<td width=\"115\">1,4 g<\/td>\n<\/tr>\n<tr>\n<td width=\"206\">od tega nasi\u010dene ma\u0161\u010dobe<\/td>\n<td width=\"115\">0,3 g<\/td>\n<\/tr>\n<tr>\n<td width=\"206\">Ogljikovi hidrati<\/td>\n<td width=\"115\">10 g<\/td>\n<\/tr>\n<tr>\n<td width=\"206\">od tega sladkorji<\/td>\n<td width=\"115\">8,3 g<\/td>\n<\/tr>\n<tr>\n<td width=\"206\">Beljakovine<\/td>\n<td width=\"115\">&lt;0,6 g<\/td>\n<\/tr>\n<tr>\n<td width=\"206\">Sol**<\/td>\n<td width=\"115\">0,08 g<\/td>\n<\/tr>\n<tr>\n<td width=\"206\"><\/td>\n<td width=\"115\"><\/td>\n<\/tr>\n<tr>\n<td width=\"206\"><\/td>\n<td width=\"115\"><\/td>\n<\/tr>\n<\/tbody>\n<\/table>\n","protected":false},"excerpt":{"rendered":"<p>Kefya a la kefir Krepki suhec veganski z okusom ananas-kokos je izdelan iz pasteriziranega ovsenega napitka in ne vsebuje laktoze. Je fermentiran rastlinski napitek izdelan iz veganskih kefirnih zrn in je zato primeren tako za vegane kot vegetarijance. Ima prijeten aromati\u010den vonj in okus po kokosu in ananasu, vendar ohranja \u017eametno sve\u017eino, ki je zna\u010dilna lastnost tradicionalnega kefirja. Veganska kefirna [&hellip;]<\/p>\n","protected":false},"featured_media":24743,"template":"","meta":{"_acf_changed":false},"product_cat":[160],"product_tag":[297,249,212,296,298,299,246,245,244,294,295,259],"class_list":{"0":"post-24198","1":"product","2":"type-product","3":"status-publish","4":"has-post-thumbnail","6":"product_cat-kefirji-krepko","7":"product_tag-ananas","8":"product_tag-brez-laktoze","9":"product_tag-kefir","10":"product_tag-kokos","11":"product_tag-oves","12":"product_tag-ovseno-mleko","13":"product_tag-prebava","14":"product_tag-prebiotik","15":"product_tag-probiotik","16":"product_tag-vegansko","17":"product_tag-vegetarijansko","18":"product_tag-zdravje","20":"first","21":"instock","22":"taxable","23":"shipping-taxable","24":"product-type-simple"},"acf":[],"yoast_head":"<!-- This site is optimized with the Yoast SEO plugin v27.4 - https:\/\/yoast.com\/product\/yoast-seo-wordpress\/ -->\n<title>Kefya a la kefir Krepki suhec veganski ananas-kokos 500 g - Mlekarna Krepko<\/title>\n<meta name=\"description\" content=\"Je fermentiran rastlinski napitek izdelan iz veganskih kefirnih zrn in je zato primeren tako za vegane kot vegetarijance. Ima prijeten aromati\u010den vonj...\" \/>\n<meta name=\"robots\" content=\"index, follow, max-snippet:-1, max-image-preview:large, max-video-preview:-1\" \/>\n<link rel=\"canonical\" href=\"https:\/\/mlekarna-krepko.si\/sl\/izdelek\/kefir-krepki-suhec-veganski-kokos-ananas-500g\/\" \/>\n<meta property=\"og:locale\" content=\"sl_SI\" \/>\n<meta property=\"og:type\" content=\"article\" \/>\n<meta property=\"og:title\" content=\"Kefya a la kefir Krepki suhec veganski ananas-kokos 500 g - Mlekarna Krepko\" \/>\n<meta property=\"og:description\" content=\"Je fermentiran rastlinski napitek izdelan iz veganskih kefirnih zrn in je zato primeren tako za vegane kot vegetarijance. Ima prijeten aromati\u010den vonj...\" \/>\n<meta property=\"og:url\" content=\"https:\/\/mlekarna-krepko.si\/sl\/izdelek\/kefir-krepki-suhec-veganski-kokos-ananas-500g\/\" \/>\n<meta property=\"og:site_name\" content=\"Mlekarna Krepko\" \/>\n<meta property=\"article:publisher\" content=\"https:\/\/www.facebook.com\/mlekarna.krepko\/\" \/>\n<meta property=\"article:modified_time\" content=\"2025-04-07T05:50:06+00:00\" \/>\n<meta property=\"og:image\" content=\"https:\/\/mlekarna-krepko.si\/wp-content\/uploads\/2023\/10\/KEFYA_veganski_kefir_500g-web.jpg\" \/>\n\t<meta property=\"og:image:width\" content=\"640\" \/>\n\t<meta property=\"og:image:height\" content=\"802\" \/>\n\t<meta property=\"og:image:type\" content=\"image\/jpeg\" \/>\n<meta name=\"twitter:card\" content=\"summary_large_image\" \/>\n<meta name=\"twitter:label1\" content=\"Est. reading time\" \/>\n\t<meta name=\"twitter:data1\" content=\"2 minuti\" \/>\n<script type=\"application\/ld+json\" class=\"yoast-schema-graph\">{\"@context\":\"https:\\\/\\\/schema.org\",\"@graph\":[{\"@type\":\"WebPage\",\"@id\":\"https:\\\/\\\/mlekarna-krepko.si\\\/sl\\\/izdelek\\\/kefir-krepki-suhec-veganski-kokos-ananas-500g\\\/\",\"url\":\"https:\\\/\\\/mlekarna-krepko.si\\\/sl\\\/izdelek\\\/kefir-krepki-suhec-veganski-kokos-ananas-500g\\\/\",\"name\":\"Kefya a la kefir Krepki suhec veganski ananas-kokos 500 g - Mlekarna Krepko\",\"isPartOf\":{\"@id\":\"https:\\\/\\\/www.mlekarna-krepko.si\\\/sl\\\/#website\"},\"primaryImageOfPage\":{\"@id\":\"https:\\\/\\\/mlekarna-krepko.si\\\/sl\\\/izdelek\\\/kefir-krepki-suhec-veganski-kokos-ananas-500g\\\/#primaryimage\"},\"image\":{\"@id\":\"https:\\\/\\\/mlekarna-krepko.si\\\/sl\\\/izdelek\\\/kefir-krepki-suhec-veganski-kokos-ananas-500g\\\/#primaryimage\"},\"thumbnailUrl\":\"https:\\\/\\\/mlekarna-krepko.si\\\/wp-content\\\/uploads\\\/2023\\\/10\\\/KEFYA_veganski_kefir_500g-web.jpg\",\"datePublished\":\"2023-10-19T08:40:53+00:00\",\"dateModified\":\"2025-04-07T05:50:06+00:00\",\"description\":\"Je fermentiran rastlinski napitek izdelan iz veganskih kefirnih zrn in je zato primeren tako za vegane kot vegetarijance. Ima prijeten aromati\u010den vonj...\",\"breadcrumb\":{\"@id\":\"https:\\\/\\\/mlekarna-krepko.si\\\/sl\\\/izdelek\\\/kefir-krepki-suhec-veganski-kokos-ananas-500g\\\/#breadcrumb\"},\"inLanguage\":\"sl-SI\",\"potentialAction\":[{\"@type\":\"ReadAction\",\"target\":[\"https:\\\/\\\/mlekarna-krepko.si\\\/sl\\\/izdelek\\\/kefir-krepki-suhec-veganski-kokos-ananas-500g\\\/\"]}]},{\"@type\":\"ImageObject\",\"inLanguage\":\"sl-SI\",\"@id\":\"https:\\\/\\\/mlekarna-krepko.si\\\/sl\\\/izdelek\\\/kefir-krepki-suhec-veganski-kokos-ananas-500g\\\/#primaryimage\",\"url\":\"https:\\\/\\\/mlekarna-krepko.si\\\/wp-content\\\/uploads\\\/2023\\\/10\\\/KEFYA_veganski_kefir_500g-web.jpg\",\"contentUrl\":\"https:\\\/\\\/mlekarna-krepko.si\\\/wp-content\\\/uploads\\\/2023\\\/10\\\/KEFYA_veganski_kefir_500g-web.jpg\",\"width\":640,\"height\":802},{\"@type\":\"BreadcrumbList\",\"@id\":\"https:\\\/\\\/mlekarna-krepko.si\\\/sl\\\/izdelek\\\/kefir-krepki-suhec-veganski-kokos-ananas-500g\\\/#breadcrumb\",\"itemListElement\":[{\"@type\":\"ListItem\",\"position\":1,\"name\":\"Home\",\"item\":\"https:\\\/\\\/www.mlekarna-krepko.si\\\/sl\\\/\"},{\"@type\":\"ListItem\",\"position\":2,\"name\":\"Trgovina\",\"item\":\"https:\\\/\\\/www.mlekarna-krepko.si\\\/sl\\\/trgovina\\\/\"},{\"@type\":\"ListItem\",\"position\":3,\"name\":\"Kefya a la kefir Krepki suhec veganski ananas-kokos 500 g\"}]},{\"@type\":\"WebSite\",\"@id\":\"https:\\\/\\\/www.mlekarna-krepko.si\\\/sl\\\/#website\",\"url\":\"https:\\\/\\\/www.mlekarna-krepko.si\\\/sl\\\/\",\"name\":\"Mlekarna Krepko\",\"description\":\"\",\"publisher\":{\"@id\":\"https:\\\/\\\/www.mlekarna-krepko.si\\\/sl\\\/#organization\"},\"potentialAction\":[{\"@type\":\"SearchAction\",\"target\":{\"@type\":\"EntryPoint\",\"urlTemplate\":\"https:\\\/\\\/www.mlekarna-krepko.si\\\/sl\\\/?s={search_term_string}\"},\"query-input\":{\"@type\":\"PropertyValueSpecification\",\"valueRequired\":true,\"valueName\":\"search_term_string\"}}],\"inLanguage\":\"sl-SI\"},{\"@type\":\"Organization\",\"@id\":\"https:\\\/\\\/www.mlekarna-krepko.si\\\/sl\\\/#organization\",\"name\":\"Mlekarna Krepko\",\"url\":\"https:\\\/\\\/www.mlekarna-krepko.si\\\/sl\\\/\",\"logo\":{\"@type\":\"ImageObject\",\"inLanguage\":\"sl-SI\",\"@id\":\"https:\\\/\\\/www.mlekarna-krepko.si\\\/sl\\\/#\\\/schema\\\/logo\\\/image\\\/\",\"url\":\"https:\\\/\\\/www.mlekarna-krepko.si\\\/wp-content\\\/uploads\\\/2020\\\/04\\\/LogoWeb_transparenten.png\",\"contentUrl\":\"https:\\\/\\\/www.mlekarna-krepko.si\\\/wp-content\\\/uploads\\\/2020\\\/04\\\/LogoWeb_transparenten.png\",\"width\":300,\"height\":300,\"caption\":\"Mlekarna Krepko\"},\"image\":{\"@id\":\"https:\\\/\\\/www.mlekarna-krepko.si\\\/sl\\\/#\\\/schema\\\/logo\\\/image\\\/\"},\"sameAs\":[\"https:\\\/\\\/www.facebook.com\\\/mlekarna.krepko\\\/\",\"https:\\\/\\\/www.instagram.com\\\/mlekarnakrepko\\\/\",\"https:\\\/\\\/www.linkedin.com\\\/company\\\/mlekarna-krepko\",\"https:\\\/\\\/www.youtube.com\\\/channel\\\/UCAzec5mnRHgcj2Th3fGRtKw?view_as=subscriber\"]}]}<\/script>\n<!-- \/ Yoast SEO plugin. -->","yoast_head_json":{"title":"Kefya a la kefir Krepki suhec veganski ananas-kokos 500 g - Mlekarna Krepko","description":"Je fermentiran rastlinski napitek izdelan iz veganskih kefirnih zrn in je zato primeren tako za vegane kot vegetarijance. Ima prijeten aromati\u010den vonj...","robots":{"index":"index","follow":"follow","max-snippet":"max-snippet:-1","max-image-preview":"max-image-preview:large","max-video-preview":"max-video-preview:-1"},"canonical":"https:\/\/mlekarna-krepko.si\/sl\/izdelek\/kefir-krepki-suhec-veganski-kokos-ananas-500g\/","og_locale":"sl_SI","og_type":"article","og_title":"Kefya a la kefir Krepki suhec veganski ananas-kokos 500 g - Mlekarna Krepko","og_description":"Je fermentiran rastlinski napitek izdelan iz veganskih kefirnih zrn in je zato primeren tako za vegane kot vegetarijance. Ima prijeten aromati\u010den vonj...","og_url":"https:\/\/mlekarna-krepko.si\/sl\/izdelek\/kefir-krepki-suhec-veganski-kokos-ananas-500g\/","og_site_name":"Mlekarna Krepko","article_publisher":"https:\/\/www.facebook.com\/mlekarna.krepko\/","article_modified_time":"2025-04-07T05:50:06+00:00","og_image":[{"width":640,"height":802,"url":"https:\/\/mlekarna-krepko.si\/wp-content\/uploads\/2023\/10\/KEFYA_veganski_kefir_500g-web.jpg","type":"image\/jpeg"}],"twitter_card":"summary_large_image","twitter_misc":{"Est. reading time":"2 minuti"},"schema":{"@context":"https:\/\/schema.org","@graph":[{"@type":"WebPage","@id":"https:\/\/mlekarna-krepko.si\/sl\/izdelek\/kefir-krepki-suhec-veganski-kokos-ananas-500g\/","url":"https:\/\/mlekarna-krepko.si\/sl\/izdelek\/kefir-krepki-suhec-veganski-kokos-ananas-500g\/","name":"Kefya a la kefir Krepki suhec veganski ananas-kokos 500 g - Mlekarna Krepko","isPartOf":{"@id":"https:\/\/www.mlekarna-krepko.si\/sl\/#website"},"primaryImageOfPage":{"@id":"https:\/\/mlekarna-krepko.si\/sl\/izdelek\/kefir-krepki-suhec-veganski-kokos-ananas-500g\/#primaryimage"},"image":{"@id":"https:\/\/mlekarna-krepko.si\/sl\/izdelek\/kefir-krepki-suhec-veganski-kokos-ananas-500g\/#primaryimage"},"thumbnailUrl":"https:\/\/mlekarna-krepko.si\/wp-content\/uploads\/2023\/10\/KEFYA_veganski_kefir_500g-web.jpg","datePublished":"2023-10-19T08:40:53+00:00","dateModified":"2025-04-07T05:50:06+00:00","description":"Je fermentiran rastlinski napitek izdelan iz veganskih kefirnih zrn in je zato primeren tako za vegane kot vegetarijance. Ima prijeten aromati\u010den vonj...","breadcrumb":{"@id":"https:\/\/mlekarna-krepko.si\/sl\/izdelek\/kefir-krepki-suhec-veganski-kokos-ananas-500g\/#breadcrumb"},"inLanguage":"sl-SI","potentialAction":[{"@type":"ReadAction","target":["https:\/\/mlekarna-krepko.si\/sl\/izdelek\/kefir-krepki-suhec-veganski-kokos-ananas-500g\/"]}]},{"@type":"ImageObject","inLanguage":"sl-SI","@id":"https:\/\/mlekarna-krepko.si\/sl\/izdelek\/kefir-krepki-suhec-veganski-kokos-ananas-500g\/#primaryimage","url":"https:\/\/mlekarna-krepko.si\/wp-content\/uploads\/2023\/10\/KEFYA_veganski_kefir_500g-web.jpg","contentUrl":"https:\/\/mlekarna-krepko.si\/wp-content\/uploads\/2023\/10\/KEFYA_veganski_kefir_500g-web.jpg","width":640,"height":802},{"@type":"BreadcrumbList","@id":"https:\/\/mlekarna-krepko.si\/sl\/izdelek\/kefir-krepki-suhec-veganski-kokos-ananas-500g\/#breadcrumb","itemListElement":[{"@type":"ListItem","position":1,"name":"Home","item":"https:\/\/www.mlekarna-krepko.si\/sl\/"},{"@type":"ListItem","position":2,"name":"Trgovina","item":"https:\/\/www.mlekarna-krepko.si\/sl\/trgovina\/"},{"@type":"ListItem","position":3,"name":"Kefya a la kefir Krepki suhec veganski ananas-kokos 500 g"}]},{"@type":"WebSite","@id":"https:\/\/www.mlekarna-krepko.si\/sl\/#website","url":"https:\/\/www.mlekarna-krepko.si\/sl\/","name":"Mlekarna Krepko","description":"","publisher":{"@id":"https:\/\/www.mlekarna-krepko.si\/sl\/#organization"},"potentialAction":[{"@type":"SearchAction","target":{"@type":"EntryPoint","urlTemplate":"https:\/\/www.mlekarna-krepko.si\/sl\/?s={search_term_string}"},"query-input":{"@type":"PropertyValueSpecification","valueRequired":true,"valueName":"search_term_string"}}],"inLanguage":"sl-SI"},{"@type":"Organization","@id":"https:\/\/www.mlekarna-krepko.si\/sl\/#organization","name":"Mlekarna Krepko","url":"https:\/\/www.mlekarna-krepko.si\/sl\/","logo":{"@type":"ImageObject","inLanguage":"sl-SI","@id":"https:\/\/www.mlekarna-krepko.si\/sl\/#\/schema\/logo\/image\/","url":"https:\/\/www.mlekarna-krepko.si\/wp-content\/uploads\/2020\/04\/LogoWeb_transparenten.png","contentUrl":"https:\/\/www.mlekarna-krepko.si\/wp-content\/uploads\/2020\/04\/LogoWeb_transparenten.png","width":300,"height":300,"caption":"Mlekarna Krepko"},"image":{"@id":"https:\/\/www.mlekarna-krepko.si\/sl\/#\/schema\/logo\/image\/"},"sameAs":["https:\/\/www.facebook.com\/mlekarna.krepko\/","https:\/\/www.instagram.com\/mlekarnakrepko\/","https:\/\/www.linkedin.com\/company\/mlekarna-krepko","https:\/\/www.youtube.com\/channel\/UCAzec5mnRHgcj2Th3fGRtKw?view_as=subscriber"]}]}},"_links":{"self":[{"href":"https:\/\/mlekarna-krepko.si\/sl\/wp-json\/wp\/v2\/product\/24198","targetHints":{"allow":["GET"]}}],"collection":[{"href":"https:\/\/mlekarna-krepko.si\/sl\/wp-json\/wp\/v2\/product"}],"about":[{"href":"https:\/\/mlekarna-krepko.si\/sl\/wp-json\/wp\/v2\/types\/product"}],"wp:featuredmedia":[{"embeddable":true,"href":"https:\/\/mlekarna-krepko.si\/sl\/wp-json\/wp\/v2\/media\/24743"}],"wp:attachment":[{"href":"https:\/\/mlekarna-krepko.si\/sl\/wp-json\/wp\/v2\/media?parent=24198"}],"wp:term":[{"taxonomy":"product_cat","embeddable":true,"href":"https:\/\/mlekarna-krepko.si\/sl\/wp-json\/wp\/v2\/product_cat?post=24198"},{"taxonomy":"product_tag","embeddable":true,"href":"https:\/\/mlekarna-krepko.si\/sl\/wp-json\/wp\/v2\/product_tag?post=24198"}],"curies":[{"name":"wp","href":"https:\/\/api.w.org\/{rel}","templated":true}]}}